{"id":18188,"date":"2012-02-15T16:03:16","date_gmt":"2012-02-15T16:03:16","guid":{"rendered":"https:\/\/www.orlan.eu\/press\/interviews\/"},"modified":"2024-03-13T13:01:04","modified_gmt":"2024-03-13T13:01:04","slug":"interviews","status":"publish","type":"page","link":"https:\/\/www.orlan.eu\/en\/press\/interviews\/","title":{"rendered":"Interviews"},"content":{"rendered":"\n<p><strong>ORLAN interviewed by IFAL in Mexico City, 2024<\/strong><\/p>\n<p><iframe loading=\"lazy\" src=\"\/\/www.youtube.com\/embed\/VKld4w1Jrm4\" width=\"560\" height=\"314\" allowfullscreen=\"allowfullscreen\"><\/iframe><\/p>\n<p><strong>ORLAN interviewed by Bulgarian television for the DAFEST festival, 2023<\/strong><\/p>\n<p><iframe loading=\"lazy\" src=\"\/\/www.youtube.com\/embed\/iJFb5JOQOsw\" width=\"560\" height=\"314\" allowfullscreen=\"allowfullscreen\"><\/iframe><\/p>\n<p>&nbsp;<\/p>\n<p><strong>ORLAN X Basique: The artist&#8217;s Slow, 2023<\/strong><\/p>\n<p><iframe loading=\"lazy\" title=\"ORLAN r\u00e9habilite le slow\" width=\"500\" height=\"281\" src=\"https:\/\/www.youtube.com\/embed\/xaYNw7cHg78?feature=oembed\" frameborder=\"0\" allow=\"accelerometer; autoplay; clipboard-write; encrypted-media; gyroscope; picture-in-picture; web-share\" referrerpolicy=\"strict-origin-when-cross-origin\" allowfullscreen><\/iframe><\/p>\n\n<p><b>ORLAN hybridizes with Imp\u00e9ratrice Eug\u00e9nie and perpetuates her wake &#8211; Maison Guerlain,<\/b><strong>&nbsp;Paris, 2022<\/strong><\/p>\n<p>https:\/\/www.instagram.com\/reel\/CqGmawZonwb\/?igshid=YmMyMTA2M2Y=<\/p>\n<p class=\"style-scope ytd-watch-metadata\"><strong>ORLAN X Yann Toma: &#8220;Les imaginaires de l&#8217;\u00e9nergie artistique&#8221;, 2022<\/strong><\/p>\n<p><iframe loading=\"lazy\" title=\"ORLAN X Yann Toma : Les imaginaires de l&#039;\u00e9nergie artistique\" width=\"500\" height=\"281\" src=\"https:\/\/www.youtube.com\/embed\/9fJCieP0QTE?feature=oembed\" frameborder=\"0\" allow=\"accelerometer; autoplay; clipboard-write; encrypted-media; gyroscope; picture-in-picture; web-share\" referrerpolicy=\"strict-origin-when-cross-origin\" allowfullscreen><\/iframe><\/p>\n<p><strong>Interview for the Louisiana Channel, &#8220;I think that religion should be forbidden.&#8221;, 2022<\/strong><\/p>\n<p><iframe loading=\"lazy\" title=\"&quot;I think that religion should be forbidden.&quot; | Artist ORLAN | Louisiana Channel\" width=\"500\" height=\"281\" src=\"https:\/\/www.youtube.com\/embed\/HThtvY0TJDo?start=2&#038;feature=oembed\" frameborder=\"0\" allow=\"accelerometer; autoplay; clipboard-write; encrypted-media; gyroscope; picture-in-picture; web-share\" referrerpolicy=\"strict-origin-when-cross-origin\" allowfullscreen><\/iframe><\/p>\n<h1 class=\"style-scope ytd-watch-metadata\">&nbsp;<\/h1>\n<p class=\"style-scope ytd-watch-metadata\"><strong>TV Tours-Val de Loire \/ ORLAN: an encounter with an artist free in mind and body,<\/strong> 2022<\/p>\n<p><iframe loading=\"lazy\" title=\"ORLAN : rencontre avec une artiste libre dans sa t\u00eate et dans son corps\" width=\"500\" height=\"281\" src=\"https:\/\/www.youtube.com\/embed\/dM76zwRZ0ag?feature=oembed\" frameborder=\"0\" allow=\"accelerometer; autoplay; clipboard-write; encrypted-media; gyroscope; picture-in-picture; web-share\" referrerpolicy=\"strict-origin-when-cross-origin\" allowfullscreen><\/iframe><\/p>\n<p class=\"style-scope ytd-watch-metadata\"><strong>MO.CO. Thursdays Panac\u00e9e &#8211; with ORLAN<\/strong>, 2021<\/p>\n<p><iframe loading=\"lazy\" title=\"Les jeudis MO.CO. Panac\u00e9e - avec ORLAN\" width=\"500\" height=\"281\" src=\"https:\/\/www.youtube.com\/embed\/9KMMrqRK0UM?feature=oembed\" frameborder=\"0\" allow=\"accelerometer; autoplay; clipboard-write; encrypted-media; gyroscope; picture-in-picture; web-share\" referrerpolicy=\"strict-origin-when-cross-origin\" allowfullscreen><\/iframe><\/p>\n<p class=\"style-scope ytd-watch-metadata\"><strong><span class=\"style-scope yt-formatted-string\" dir=\"auto\">ORLAN &#8211; Iconic contemporary artist &#8211; &#8220;Reversing taboos&#8221; |&nbsp;<\/span>#LeGratin<span class=\"style-scope yt-formatted-string\" dir=\"auto\">134, 2021<\/span><\/strong><\/p>\n<p><iframe loading=\"lazy\" title=\"ORLAN \u2013 Artiste iconique de l\u2019art contemporain \u2013 \u00ab Renverser les tabous \u00bb | #Le Gratin 134\" width=\"500\" height=\"281\" src=\"https:\/\/www.youtube.com\/embed\/Kd0YWkQm29c?feature=oembed\" frameborder=\"0\" allow=\"accelerometer; autoplay; clipboard-write; encrypted-media; gyroscope; picture-in-picture; web-share\" referrerpolicy=\"strict-origin-when-cross-origin\" allowfullscreen><\/iframe><\/p>\n<p class=\"style-scope ytd-watch-metadata\"><strong>i24NEWS English, CULTURE | Orlan, the artist who turned his body into a work of activism, 2021<\/strong><\/p>\n<p><iframe loading=\"lazy\" title=\"CULTURE | Orlan, l&#039;artiste qui a fait de son corps une \u0153uvre militante\" width=\"500\" height=\"281\" src=\"https:\/\/www.youtube.com\/embed\/06AAHtZHacI?feature=oembed\" frameborder=\"0\" allow=\"accelerometer; autoplay; clipboard-write; encrypted-media; gyroscope; picture-in-picture; web-share\" referrerpolicy=\"strict-origin-when-cross-origin\" allowfullscreen><\/iframe><\/p>\n<p class=\"style-scope ytd-watch-metadata\"><strong>ORLAN &#8211; &#8220;Le d\u00e9jeuner sur l&#8217;herbe&#8221; by \u00c9douard Manet<\/strong>, 2021<\/p>\n<p><iframe loading=\"lazy\" title=\"ORLAN - &quot;Le d\u00e9jeuner sur l&#039;herbe&quot; d&#039;\u00c9douard Manet - FR | Mus\u00e9e d&#039;Orsay\" width=\"500\" height=\"281\" src=\"https:\/\/www.youtube.com\/embed\/axtcqBl1M9o?feature=oembed\" frameborder=\"0\" allow=\"accelerometer; autoplay; clipboard-write; encrypted-media; gyroscope; picture-in-picture; web-share\" referrerpolicy=\"strict-origin-when-cross-origin\" allowfullscreen><\/iframe><\/p>\n\n<p><strong>ORLAN: &#8220;Art is my life!&#8221;<\/strong>&#8211; <strong>Of Art<\/strong>, 2020<\/p>\n\n<figure class=\"wp-block-embed is-type-video is-provider-youtube wp-block-embed-youtube wp-embed-aspect-16-9 wp-has-aspect-ratio\"><div class=\"wp-block-embed__wrapper\">\n<iframe loading=\"lazy\" title=\"ORLAN : &quot;L&#039;art c&#039;est ma vie !&quot; - OF ART\" width=\"500\" height=\"281\" src=\"https:\/\/www.youtube.com\/embed\/gSs6WCxmuYE?feature=oembed\" frameborder=\"0\" allow=\"accelerometer; autoplay; clipboard-write; encrypted-media; gyroscope; picture-in-picture; web-share\" referrerpolicy=\"strict-origin-when-cross-origin\" allowfullscreen><\/iframe>\n<\/div><\/figure>\n\n<p><strong>Masterclass interview with ORLAN: &#8220;I&#8217;ve always made art, I don&#8217;t know how to do anything else&#8221; by Arnaud Laporte &#8211; France Culture<\/strong>, 2020<\/p>\n\n<figure class=\"wp-block-embed is-type-video is-provider-youtube wp-block-embed-youtube wp-embed-aspect-16-9 wp-has-aspect-ratio\"><div class=\"wp-block-embed__wrapper\">\n<iframe loading=\"lazy\" title=\"La Masterclasse d&#039;Orlan - France Culture\" width=\"500\" height=\"281\" src=\"https:\/\/www.youtube.com\/embed\/XaAIZz6kGjA?feature=oembed\" frameborder=\"0\" allow=\"accelerometer; autoplay; clipboard-write; encrypted-media; gyroscope; picture-in-picture; web-share\" referrerpolicy=\"strict-origin-when-cross-origin\" allowfullscreen><\/iframe>\n<\/div><\/figure>\n\n<p><\/p>\n\n<p><strong>What art for the next world? ORLAN and Sophie Brocas<\/strong>, 2020<\/p>\n\n<figure class=\"wp-block-embed is-type-video is-provider-youtube wp-block-embed-youtube wp-embed-aspect-16-9 wp-has-aspect-ratio\"><div class=\"wp-block-embed__wrapper\">\n<iframe loading=\"lazy\" title=\"Quels arts pour le monde d\u2019apr\u00e8s ? ORLAN et Sophie Brocas\" width=\"500\" height=\"281\" src=\"https:\/\/www.youtube.com\/embed\/lcL3UdF3cRM?feature=oembed\" frameborder=\"0\" allow=\"accelerometer; autoplay; clipboard-write; encrypted-media; gyroscope; picture-in-picture; web-share\" referrerpolicy=\"strict-origin-when-cross-origin\" allowfullscreen><\/iframe>\n<\/div><\/figure>\n\n<p>An Artist&#8217;s Journey: ORLAN, 2020<\/p>\n\n<figure class=\"wp-block-embed is-type-video is-provider-youtube wp-block-embed-youtube wp-embed-aspect-16-9 wp-has-aspect-ratio\"><div class=\"wp-block-embed__wrapper\">\n<iframe loading=\"lazy\" title=\"Parcours d&#039;une Artiste : ORLAN\" width=\"500\" height=\"281\" src=\"https:\/\/www.youtube.com\/embed\/_JNwGxBOVI0?feature=oembed\" frameborder=\"0\" allow=\"accelerometer; autoplay; clipboard-write; encrypted-media; gyroscope; picture-in-picture; web-share\" referrerpolicy=\"strict-origin-when-cross-origin\" allowfullscreen><\/iframe>\n<\/div><\/figure>\n\n<p><strong>ORLAN &#8211; Ceysson &amp; B\u00e9n\u00e9ti\u00e8re, 2019<\/strong><\/p>\n\n<figure class=\"wp-block-embed is-type-video is-provider-youtube wp-block-embed-youtube wp-embed-aspect-16-9 wp-has-aspect-ratio\"><div class=\"wp-block-embed__wrapper\">\nhttps:\/\/www.youtube.com\/watch?v=vQgWYQBkNBk\n<\/div><\/figure>\n\n<p><strong>Interview with ORLAN &#8220;At the foot of the cross&#8221; by Rapha\u00ebl Gatel, September 2019<\/strong><\/p>\n\n<figure class=\"wp-block-embed is-type-video is-provider-youtube wp-block-embed-youtube wp-embed-aspect-16-9 wp-has-aspect-ratio\"><div class=\"wp-block-embed__wrapper\">\n<iframe loading=\"lazy\" title=\"ORLAN au pied de la croix at the foot of the cross   Raphae\u0308l Gatel 2019\" width=\"500\" height=\"281\" src=\"https:\/\/www.youtube.com\/embed\/wI19H2x1WdI?feature=oembed\" frameborder=\"0\" allow=\"accelerometer; autoplay; clipboard-write; encrypted-media; gyroscope; picture-in-picture; web-share\" referrerpolicy=\"strict-origin-when-cross-origin\" allowfullscreen><\/iframe>\n<\/div><\/figure>\n\n<p><strong>Science gallery Dublin, Omnipresence by ORLAN at PERFECTION<\/strong>, 2019<\/p>\n\n<figure class=\"wp-block-embed is-type-video is-provider-youtube wp-block-embed-youtube wp-embed-aspect-16-9 wp-has-aspect-ratio\"><div class=\"wp-block-embed__wrapper\">\n<iframe loading=\"lazy\" title=\"Omnipresence by ORLAN at PERFECTION\" width=\"500\" height=\"281\" src=\"https:\/\/www.youtube.com\/embed\/9IM3ADSprFc?feature=oembed\" frameborder=\"0\" allow=\"accelerometer; autoplay; clipboard-write; encrypted-media; gyroscope; picture-in-picture; web-share\" referrerpolicy=\"strict-origin-when-cross-origin\" allowfullscreen><\/iframe>\n<\/div><\/figure>\n\n<p><strong>ORLAN&#8217;s Paris des Arts, Interview by Val\u00e9rie Fayolle, France24, 2019<\/strong><\/p>\n\n<figure class=\"wp-block-embed is-type-video is-provider-youtube wp-block-embed-youtube wp-embed-aspect-16-9 wp-has-aspect-ratio\"><div class=\"wp-block-embed__wrapper\">\n<iframe loading=\"lazy\" title=\"Le Paris des Arts d&#039;ORLAN\" width=\"500\" height=\"281\" src=\"https:\/\/www.youtube.com\/embed\/ijnBqzfSBwY?feature=oembed\" frameborder=\"0\" allow=\"accelerometer; autoplay; clipboard-write; encrypted-media; gyroscope; picture-in-picture; web-share\" referrerpolicy=\"strict-origin-when-cross-origin\" allowfullscreen><\/iframe>\n<\/div><\/figure>\n\n<p>Orlan&#8217;s Masterclass<strong> &#8211; France Culture, 2018<\/strong><\/p>\n\n<figure class=\"wp-block-embed is-type-video is-provider-youtube wp-block-embed-youtube wp-embed-aspect-16-9 wp-has-aspect-ratio\"><div class=\"wp-block-embed__wrapper\">\n<iframe loading=\"lazy\" title=\"La Masterclasse d&#039;Orlan - France Culture\" width=\"500\" height=\"281\" src=\"https:\/\/www.youtube.com\/embed\/XaAIZz6kGjA?feature=oembed\" frameborder=\"0\" allow=\"accelerometer; autoplay; clipboard-write; encrypted-media; gyroscope; picture-in-picture; web-share\" referrerpolicy=\"strict-origin-when-cross-origin\" allowfullscreen><\/iframe>\n<\/div><\/figure>\n\n<p><strong>Konbini : <\/strong>One Minute Project &#8211; Meeting with ORLAN, 2018<\/p>\n\n<figure class=\"wp-block-embed is-type-video is-provider-youtube wp-block-embed-youtube wp-embed-aspect-4-3 wp-has-aspect-ratio\"><div class=\"wp-block-embed__wrapper\">\n<iframe loading=\"lazy\" title=\"One Minute Project - Rencontre avec ORLAN\" width=\"500\" height=\"375\" src=\"https:\/\/www.youtube.com\/embed\/QkPDpZ59u2c?feature=oembed\" frameborder=\"0\" allow=\"accelerometer; autoplay; clipboard-write; encrypted-media; gyroscope; picture-in-picture; web-share\" referrerpolicy=\"strict-origin-when-cross-origin\" allowfullscreen><\/iframe>\n<\/div><\/figure>\n\n<p><a href=\"https:\/\/www.youtube.com\/@artsper-ventedoeuvresdarte3473\"><\/a><strong>Artsper &#8211; Online Art Auction &#8211; Interview with ORLAN, 2017<\/strong><\/p>\n\n<figure class=\"wp-block-embed is-type-video is-provider-youtube wp-block-embed-youtube wp-embed-aspect-16-9 wp-has-aspect-ratio\"><div class=\"wp-block-embed__wrapper\">\n<iframe loading=\"lazy\" title=\"Entretien avec ORLAN\" width=\"500\" height=\"281\" src=\"https:\/\/www.youtube.com\/embed\/21qwn6BO7OY?feature=oembed\" frameborder=\"0\" allow=\"accelerometer; autoplay; clipboard-write; encrypted-media; gyroscope; picture-in-picture; web-share\" referrerpolicy=\"strict-origin-when-cross-origin\" allowfullscreen><\/iframe>\n<\/div><\/figure>\n\n<p><strong>Maison des Arts, Centre d&#8217;art contemporain de Malakoff<\/strong>, <strong>&#8220;HERstory, des archives \u00e0 l&#8217;heure des postf\u00e9ministes&#8221;<\/strong>.<br\/>Exhibition from January 21 to March 19, 2017, proposed by Julie Crenn and Pascal Li\u00e8vre.<\/p>\n\n<figure class=\"wp-block-embed is-type-video is-provider-youtube wp-block-embed-youtube wp-embed-aspect-16-9 wp-has-aspect-ratio\"><div class=\"wp-block-embed__wrapper\">\n<iframe loading=\"lazy\" title=\"Herstory ORLAN\" width=\"500\" height=\"281\" src=\"https:\/\/www.youtube.com\/embed\/gaQCw2NPgxk?start=1819&#038;feature=oembed\" frameborder=\"0\" allow=\"accelerometer; autoplay; clipboard-write; encrypted-media; gyroscope; picture-in-picture; web-share\" referrerpolicy=\"strict-origin-when-cross-origin\" allowfullscreen><\/iframe>\n<\/div><\/figure>\n\n<p><strong>ORLAN #1: &#8220;Toutes ces choses monstrueuses et scandaleuses que j&#8217;ai pu faire&#8221;<\/strong>, Th\u00e9\u00e2tre du Rond-Point, 2017<\/p>\n\n<figure class=\"wp-block-embed is-type-video is-provider-youtube wp-block-embed-youtube wp-embed-aspect-16-9 wp-has-aspect-ratio\"><div class=\"wp-block-embed__wrapper\">\n<iframe loading=\"lazy\" title=\"ORLAN #1 : &quot;Toutes ces choses monstrueuses et scandaleuses que j&#039;ai pu faire&quot;\" width=\"500\" height=\"281\" src=\"https:\/\/www.youtube.com\/embed\/-ZeCwDeaGsQ?feature=oembed\" frameborder=\"0\" allow=\"accelerometer; autoplay; clipboard-write; encrypted-media; gyroscope; picture-in-picture; web-share\" referrerpolicy=\"strict-origin-when-cross-origin\" allowfullscreen><\/iframe>\n<\/div><\/figure>\n\n<p>MUSEO MACBA I Retrato en movimiento: ORLAN, 2017<\/p>\n\n<figure class=\"wp-block-embed is-type-video is-provider-youtube wp-block-embed-youtube wp-embed-aspect-16-9 wp-has-aspect-ratio\"><div class=\"wp-block-embed__wrapper\">\n<iframe loading=\"lazy\" title=\"MACBA I Retrato en movimiento: ORLAN\" width=\"500\" height=\"281\" src=\"https:\/\/www.youtube.com\/embed\/J1zLb8dh1KA?feature=oembed\" frameborder=\"0\" allow=\"accelerometer; autoplay; clipboard-write; encrypted-media; gyroscope; picture-in-picture; web-share\" referrerpolicy=\"strict-origin-when-cross-origin\" allowfullscreen><\/iframe>\n<\/div><\/figure>\n\n<p><br\/><strong>Museo del Palacio de Bellas Artes \/ Entrevista con ORLAN- H\u00edbridos el cuerpo como imaginario<\/strong>, 2016<\/p>\n\n<figure class=\"wp-block-embed is-type-video is-provider-youtube wp-block-embed-youtube wp-embed-aspect-16-9 wp-has-aspect-ratio\"><div class=\"wp-block-embed__wrapper\">\n<iframe loading=\"lazy\" title=\"Entrevista con ORLAN- H\u00edbridos el cuerpo como imaginario\" width=\"500\" height=\"281\" src=\"https:\/\/www.youtube.com\/embed\/Y3egb9DmLqM?feature=oembed\" frameborder=\"0\" allow=\"accelerometer; autoplay; clipboard-write; encrypted-media; gyroscope; picture-in-picture; web-share\" referrerpolicy=\"strict-origin-when-cross-origin\" allowfullscreen><\/iframe>\n<\/div><\/figure>\n\n<p><strong>\n  <i>MOOC EPSAA &#8211; BODY, MEDIA AND TECHNOLOGY (Part 1: Stepping outside the box), <\/i>\n<\/strong> 2015<\/p>\n\n<p>7&#8217;53&#8221;, Video Co-Produced by MCD and directed by Dominique Moulon.<\/p>\n\n<figure class=\"wp-block-embed is-type-video is-provider-youtube wp-block-embed-youtube wp-embed-aspect-16-9 wp-has-aspect-ratio\"><div class=\"wp-block-embed__wrapper\">\n<iframe loading=\"lazy\" title=\"ORLAN - 1. Sortir du cadre\" width=\"500\" height=\"281\" src=\"https:\/\/www.youtube.com\/embed\/es1ufvL9A-w?feature=oembed\" frameborder=\"0\" allow=\"accelerometer; autoplay; clipboard-write; encrypted-media; gyroscope; picture-in-picture; web-share\" referrerpolicy=\"strict-origin-when-cross-origin\" allowfullscreen><\/iframe>\n<\/div><\/figure>\n\n<p><strong>\n  <em><i>MOOC EPSAA &#8211; BODY, MEDIA AND TECHNOLOGY<\/i> (Part 2: Breaking free from codes), <\/em>\n<\/strong> 2015<\/p>\n\n<p>8&#8217;56&#8221;, Video Co-Produced by MCD and directed by Dominique Moulon.<\/p>\n\n<figure class=\"wp-block-embed is-type-video is-provider-youtube wp-block-embed-youtube wp-embed-aspect-16-9 wp-has-aspect-ratio\"><div class=\"wp-block-embed__wrapper\">\n<iframe loading=\"lazy\" title=\"ORLAN - 2. S\u2019affranchir des codes\" width=\"500\" height=\"281\" src=\"https:\/\/www.youtube.com\/embed\/8kGETjRN5Ak?feature=oembed\" frameborder=\"0\" allow=\"accelerometer; autoplay; clipboard-write; encrypted-media; gyroscope; picture-in-picture; web-share\" referrerpolicy=\"strict-origin-when-cross-origin\" allowfullscreen><\/iframe>\n<\/div><\/figure>\n\n<p><strong><em><i>MOOC EPSAA &#8211; BODY, MEDIA AND TECHNOLOGY <\/i>(Part 3: Technological hybridization)<\/em><\/strong><\/p>\n\n<p>2015, 7&#8217;03&#8221;, Video Co-Produced by MCD and directed by Dominique Moulon.<\/p>\n\n<figure class=\"wp-block-embed is-type-video is-provider-youtube wp-block-embed-youtube wp-embed-aspect-16-9 wp-has-aspect-ratio\"><div class=\"wp-block-embed__wrapper\">\n<iframe loading=\"lazy\" title=\"ORLAN - 3. Hybridations technologiques\" width=\"500\" height=\"281\" src=\"https:\/\/www.youtube.com\/embed\/-VicRkdOfDI?feature=oembed\" frameborder=\"0\" allow=\"accelerometer; autoplay; clipboard-write; encrypted-media; gyroscope; picture-in-picture; web-share\" referrerpolicy=\"strict-origin-when-cross-origin\" allowfullscreen><\/iframe>\n<\/div><\/figure>\n\n<p><strong>\n  <em><i>MOOC EPSAA &#8211; BODY, MEDIA AND TECHNOLOGY<\/i> (Part 4: Coding and decoding), <\/em>\n<\/strong> 2015<\/p>\n\n<p>6&#8217;48&#8221;, Video Co-Produced by MCD and directed by Dominique Moulon.<\/p>\n\n<figure class=\"wp-block-embed is-type-video is-provider-youtube wp-block-embed-youtube wp-embed-aspect-16-9 wp-has-aspect-ratio\"><div class=\"wp-block-embed__wrapper\">\n<iframe loading=\"lazy\" title=\"ORLAN - 4. Codages et d\u00e9codages\" width=\"500\" height=\"281\" src=\"https:\/\/www.youtube.com\/embed\/iR1zxoH0I2M?feature=oembed\" frameborder=\"0\" allow=\"accelerometer; autoplay; clipboard-write; encrypted-media; gyroscope; picture-in-picture; web-share\" referrerpolicy=\"strict-origin-when-cross-origin\" allowfullscreen><\/iframe>\n<\/div><\/figure>\n\n<p><strong><em><i>MOOC EPSAA &#8211; BODY, MEDIA AND TECHNOLOGY<\/i> (Part 5: 3D Modeling and Interactivity)<\/em><\/strong><\/p>\n\n<p>2015, 6&#8217;13&#8221;, Video Co-Produced by MCD and directed by Dominique Moulon.<\/p>\n\n<figure class=\"wp-block-embed is-type-video is-provider-youtube wp-block-embed-youtube wp-embed-aspect-16-9 wp-has-aspect-ratio\"><div class=\"wp-block-embed__wrapper\">\n<iframe loading=\"lazy\" title=\"ORLAN - 5. Mod\u00e9lisation 3D et interactivit\u00e9\" width=\"500\" height=\"281\" src=\"https:\/\/www.youtube.com\/embed\/uNfOKJ_Ce2o?feature=oembed\" frameborder=\"0\" allow=\"accelerometer; autoplay; clipboard-write; encrypted-media; gyroscope; picture-in-picture; web-share\" referrerpolicy=\"strict-origin-when-cross-origin\" allowfullscreen><\/iframe>\n<\/div><\/figure>\n\n<p><strong><em><i>MOOC EPSAA &#8211; BODY, MEDIA AND TECHNOLOGY<\/i> (Part 6: Body and augmented reality)<\/em><\/strong><\/p>\n\n<p>2015, 6&#8217;26&#8221;, Video Co-Produced by MCD and directed by Dominique Moulon.<\/p>\n\n<figure class=\"wp-block-embed is-type-video is-provider-youtube wp-block-embed-youtube wp-embed-aspect-16-9 wp-has-aspect-ratio\"><div class=\"wp-block-embed__wrapper\">\n<iframe loading=\"lazy\" title=\"ORLAN - 6. Corps et r\u00e9alit\u00e9 augment\u00e9e\" width=\"500\" height=\"281\" src=\"https:\/\/www.youtube.com\/embed\/f-WrpK-_2a8?feature=oembed\" frameborder=\"0\" allow=\"accelerometer; autoplay; clipboard-write; encrypted-media; gyroscope; picture-in-picture; web-share\" referrerpolicy=\"strict-origin-when-cross-origin\" allowfullscreen><\/iframe>\n<\/div><\/figure>\n\n<p><br\/><strong>Officina Delle Zattere, ORLAN vs NATURE<\/strong>, 2014<\/p>\n\n<figure class=\"wp-block-embed is-type-video is-provider-youtube wp-block-embed-youtube wp-embed-aspect-16-9 wp-has-aspect-ratio\"><div class=\"wp-block-embed__wrapper\">\n<iframe loading=\"lazy\" title=\"ORLAN vs NATURE\" width=\"500\" height=\"281\" src=\"https:\/\/www.youtube.com\/embed\/-cgYvHNSNQM?feature=oembed\" frameborder=\"0\" allow=\"accelerometer; autoplay; clipboard-write; encrypted-media; gyroscope; picture-in-picture; web-share\" referrerpolicy=\"strict-origin-when-cross-origin\" allowfullscreen><\/iframe>\n<\/div><\/figure>\n\n<p><strong>Interview with ORLAN in Angers on April 8, 2014<\/strong><\/p>\n\n<p>Interview by <em>\n  <strong>St\u00e9phane Steinmetz<\/strong>\n<\/em><\/p>\n\n<p><iframe loading=\"lazy\" src=\"\/\/player.vimeo.com\/video\/92619417\" allowfullscreen=\"allowfullscreen\" width=\"500\" height=\"281\" frameborder=\"0\"><\/iframe><\/p>\n\n<p><strong>European Bioethics Forum: My body, my image: identity games<\/strong>, 2013.<\/p>\n\n<figure class=\"wp-block-embed is-type-video is-provider-youtube wp-block-embed-youtube wp-embed-aspect-16-9 wp-has-aspect-ratio\"><div class=\"wp-block-embed__wrapper\">\n<iframe loading=\"lazy\" title=\"Mon corps, mon image : jeux d&#039;identit\u00e9s. Forum Europ\u00e9en de Bio\u00e9thique.\" width=\"500\" height=\"281\" src=\"https:\/\/www.youtube.com\/embed\/lOAILl4JPVE?feature=oembed\" frameborder=\"0\" allow=\"accelerometer; autoplay; clipboard-write; encrypted-media; gyroscope; picture-in-picture; web-share\" referrerpolicy=\"strict-origin-when-cross-origin\" allowfullscreen><\/iframe>\n<\/div><\/figure>\n\n<p><strong>ORLAN &#8211; Exhibition at Chapelle de l&#8217;Oratoire<\/strong>, May 2011, (French, 1min09).<br\/>Un Boeuf sur la langue, ORLAN, exhibition curated by <strong>Blandine Chavane<\/strong> (assisted by Jenna Darde &amp; Alice Fleury), Mus\u00e9e des Beaux-Arts de Nantes, Nantes, FRANCE. Produced by <em>\n  <strong>Nantes 7<br\/><\/strong>\n<\/em><\/p>\n<div class=\"wp-block-image size-full wp-image-12600\">\n<figure class=\"aligncenter\"><img data-recalc-dims=\"1\" loading=\"lazy\" decoding=\"async\" width=\"1830\" height=\"1022\" src=\"https:\/\/i0.wp.com\/www.orlan.eu\/wp-content\/uploads\/2023\/02\/Capture-decran-2023-02-07-a-18.03.13.png?resize=1830%2C1022\" alt=\"\" class=\"wp-image-12600\" srcset=\"https:\/\/i0.wp.com\/www.orlan.eu\/wp-content\/uploads\/2023\/02\/Capture-decran-2023-02-07-a-18.03.13.png?w=1830&amp;ssl=1 1830w, https:\/\/i0.wp.com\/www.orlan.eu\/wp-content\/uploads\/2023\/02\/Capture-decran-2023-02-07-a-18.03.13.png?resize=100%2C56&amp;ssl=1 100w, https:\/\/i0.wp.com\/www.orlan.eu\/wp-content\/uploads\/2023\/02\/Capture-decran-2023-02-07-a-18.03.13.png?resize=768%2C429&amp;ssl=1 768w, https:\/\/i0.wp.com\/www.orlan.eu\/wp-content\/uploads\/2023\/02\/Capture-decran-2023-02-07-a-18.03.13.png?resize=1536%2C858&amp;ssl=1 1536w\" sizes=\"auto, (max-width: 1000px) 100vw, 1000px\" \/><\/figure><\/div>\n<p><strong>Interview: ORLAN, Artnet, 2011<\/strong><\/p>\n\n<figure class=\"wp-block-embed is-type-video is-provider-youtube wp-block-embed-youtube wp-embed-aspect-16-9 wp-has-aspect-ratio\"><div class=\"wp-block-embed__wrapper\">\n<iframe loading=\"lazy\" title=\"Entretien : Orlan, 2011\" width=\"500\" height=\"281\" src=\"https:\/\/www.youtube.com\/embed\/tmg8KelwbDQ?feature=oembed\" frameborder=\"0\" allow=\"accelerometer; autoplay; clipboard-write; encrypted-media; gyroscope; picture-in-picture; web-share\" referrerpolicy=\"strict-origin-when-cross-origin\" allowfullscreen><\/iframe>\n<\/div><\/figure>\n\n<p>NANTES UNIV, Presentation of Orlan&#8217;s &#8220;Radiographie des temps&#8221;, 2011<\/p>\n\n<figure class=\"wp-block-embed is-type-video is-provider-youtube wp-block-embed-youtube wp-embed-aspect-16-9 wp-has-aspect-ratio\"><div class=\"wp-block-embed__wrapper\">\n<iframe loading=\"lazy\" title=\"Pr\u00e9sentation de l&#039;oeuvre &quot;Radiographie des temps&quot; d&#039;Orlan\" width=\"500\" height=\"281\" src=\"https:\/\/www.youtube.com\/embed\/nLwlCUlYoaU?feature=oembed\" frameborder=\"0\" allow=\"accelerometer; autoplay; clipboard-write; encrypted-media; gyroscope; picture-in-picture; web-share\" referrerpolicy=\"strict-origin-when-cross-origin\" allowfullscreen><\/iframe>\n<\/div><\/figure>\n\n<p><strong>CultureSecrets<\/strong>, &#8220;Artists &amp; Robots&#8221;, 2018<\/p>\n\n<p><iframe loading=\"lazy\" src=\"https:\/\/www.youtube.com\/embed\/YEgnaHVKyuc\" allowfullscreen=\"allowfullscreen\" width=\"560\" height=\"315\" frameborder=\"0\"><\/iframe><\/p>\n\n<p><strong>Victoria &amp; Albert museum<\/strong>, Interview for the exhibition &#8220;Botticelli Reimagined&#8221;, March 2016<\/p>\n\n<figure class=\"wp-block-embed is-type-video is-provider-youtube wp-block-embed-youtube wp-embed-aspect-16-9 wp-has-aspect-ratio\"><div class=\"wp-block-embed__wrapper\">\n<iframe loading=\"lazy\" title=\"Botticelli Reimagined\" width=\"500\" height=\"281\" src=\"https:\/\/www.youtube.com\/embed\/ftcoMO34P6M?feature=oembed\" frameborder=\"0\" allow=\"accelerometer; autoplay; clipboard-write; encrypted-media; gyroscope; picture-in-picture; web-share\" referrerpolicy=\"strict-origin-when-cross-origin\" allowfullscreen><\/iframe>\n<\/div><\/figure>\n\n<p><span style=\"color: #000000;\"><strong>Laura Sangr\u00e0,<\/strong> &#8220;Entrevista a ORLAN&#8221;,<\/span> <span style=\"color: #000000;\"><span style=\"color: #ff9900;\"><a style=\"color: #ff9900;\" href=\"http:\/\/www.ccma.cat\/tv3\/alacarta\/tria33\/tria33-18012016-2300h\/video\/5578228\/\">Tria 33, TV.3<\/a><\/span>, January 18th 2016<\/span><\/p>\n<div class=\"wp-block-image\">\n<figure class=\"aligncenter\"><img data-recalc-dims=\"1\" loading=\"lazy\" decoding=\"async\" width=\"1716\" height=\"966\" src=\"https:\/\/i0.wp.com\/www.orlan.eu\/wp-content\/uploads\/2023\/02\/Capture-decran-2023-02-07-a-17.42.32.png?resize=1716%2C966\" alt=\"\" class=\"wp-image-12597\" srcset=\"https:\/\/i0.wp.com\/www.orlan.eu\/wp-content\/uploads\/2023\/02\/Capture-decran-2023-02-07-a-17.42.32.png?w=1716&amp;ssl=1 1716w, https:\/\/i0.wp.com\/www.orlan.eu\/wp-content\/uploads\/2023\/02\/Capture-decran-2023-02-07-a-17.42.32.png?resize=100%2C56&amp;ssl=1 100w, https:\/\/i0.wp.com\/www.orlan.eu\/wp-content\/uploads\/2023\/02\/Capture-decran-2023-02-07-a-17.42.32.png?resize=768%2C432&amp;ssl=1 768w, https:\/\/i0.wp.com\/www.orlan.eu\/wp-content\/uploads\/2023\/02\/Capture-decran-2023-02-07-a-17.42.32.png?resize=1536%2C865&amp;ssl=1 1536w\" sizes=\"auto, (max-width: 1000px) 100vw, 1000px\" \/><\/figure><\/div>\n<p><em><strong>ORLAN \/ Villa Empain exhibition<\/strong>, 2011<\/em><br\/><em>(French, 3min27)<\/em> Video directed by <em>\n  <strong>Misteremma<\/strong>\n<\/em>Produced by <em>\n  <strong>Les d\u00e9lires<\/strong>\n<\/em><\/p>\n\n<p><iframe loading=\"lazy\" title=\"Orlan \/ Exposition Villa Empain\" width=\"500\" height=\"281\" src=\"https:\/\/www.youtube.com\/embed\/LNVVN8EVls8?feature=oembed\" frameborder=\"0\" allow=\"accelerometer; autoplay; clipboard-write; encrypted-media; gyroscope; picture-in-picture; web-share\" referrerpolicy=\"strict-origin-when-cross-origin\" allowfullscreen><\/iframe><\/p>\n\n<p><em><strong>ORLAN at Art Paris 2010<\/strong>, 2010<\/em><br\/><em>(in French, 2min51)  <\/em><\/p>\n\n<p><em>Directed by <strong>Caroleen L&#8217;Oz<\/strong><\/em><\/p>\n\n<p><iframe loading=\"lazy\" title=\"ORLAN at Art Paris2010 in Venice Projects\" width=\"500\" height=\"281\" src=\"https:\/\/www.youtube.com\/embed\/wR5IONvADq8?feature=oembed\" frameborder=\"0\" allow=\"accelerometer; autoplay; clipboard-write; encrypted-media; gyroscope; picture-in-picture; web-share\" referrerpolicy=\"strict-origin-when-cross-origin\" allowfullscreen><\/iframe><\/p>\n\n<p><em><strong>The Guardian Newspaper<\/strong>, July 2009<\/em><br\/><em>(in English and French + English subtitles, 6min52)  <\/em><\/p>\n\n<p><em>Interview by <strong>Stuart Jeffries<\/strong><\/em><\/p>\n\n<figure class=\"wp-block-embed is-type-video is-provider-youtube wp-block-embed-youtube wp-embed-aspect-16-9 wp-has-aspect-ratio\"><div class=\"wp-block-embed__wrapper\">\n<iframe loading=\"lazy\" title=\"French artist Orlan: &#039;Narcissism is important&#039;\" width=\"500\" height=\"281\" src=\"https:\/\/www.youtube.com\/embed\/IQ1Ph-Pprj4?feature=oembed\" frameborder=\"0\" allow=\"accelerometer; autoplay; clipboard-write; encrypted-media; gyroscope; picture-in-picture; web-share\" referrerpolicy=\"strict-origin-when-cross-origin\" allowfullscreen><\/iframe>\n<\/div><\/figure>\n\n<p><em><strong>ORLAN<\/strong>, 2008<\/em><br><em>(Spanish, 3min05)<\/em><\/p>\n<p><em>Interview by&nbsp;<strong>Thomas Lacocca<\/strong><\/em><br><em>Directed by the&nbsp; Soteropolis&nbsp;TV program<\/em><\/p>\n<p><iframe loading=\"lazy\" title=\"VT ORLAN - Soter\u00f3polis, 2008\" width=\"500\" height=\"375\" src=\"https:\/\/www.youtube.com\/embed\/rGGzrpy-SZI?feature=oembed\" frameborder=\"0\" allow=\"accelerometer; autoplay; clipboard-write; encrypted-media; gyroscope; picture-in-picture; web-share\" referrerpolicy=\"strict-origin-when-cross-origin\" allowfullscreen><\/iframe><\/p>\n<p><em><strong>The Artist&#8217;s Kiss<\/strong>, October 1977<\/em><br><em>(in English and French + English subtitles, 6min52)<\/em><\/p>\n<p><em>Produced by the&nbsp;<strong>INA<\/strong><\/em><br><em>Click&nbsp;<a href=\"https:\/\/www.ina.fr\/ina-eclaire-actu\/video\/cab7701519901\/le-baiser-artistique-a-cinq-francs\">here<\/a>&nbsp;to see the video on the INA&#8217;s website<\/em><\/p>\n","protected":false},"excerpt":{"rendered":"<p>ORLAN interviewed by IFAL in Mexico City, 2024 ORLAN interviewed by Bulgarian television for the DAFEST festival, 2023 &nbsp; ORLAN X Basique: The artist&#8217;s Slow, 2023 ORLAN hybridizes with Imp\u00e9ratrice Eug\u00e9nie and perpetuates her wake &#8211; Maison Guerlain,&nbsp;Paris, 2022 https:\/\/www.instagram.com\/reel\/CqGmawZonwb\/?igshid=YmMyMTA2M2Y= ORLAN X Yann Toma: &#8220;Les imaginaires de l&#8217;\u00e9nergie artistique&#8221;, 2022 Interview for the Louisiana Channel, [&hellip;]<\/p>\n","protected":false},"author":1,"featured_media":0,"parent":18187,"menu_order":1,"comment_status":"open","ping_status":"closed","template":"","meta":{"_eb_attr":"","_monsterinsights_skip_tracking":false,"_monsterinsights_sitenote_active":false,"_monsterinsights_sitenote_note":"","_monsterinsights_sitenote_category":0,"_s2mail":"","ngg_post_thumbnail":0,"footnotes":""},"class_list":["post-18188","page","type-page","status-publish","hentry"],"jetpack_sharing_enabled":true,"_links":{"self":[{"href":"https:\/\/www.orlan.eu\/en\/wp-json\/wp\/v2\/pages\/18188","targetHints":{"allow":["GET"]}}],"collection":[{"href":"https:\/\/www.orlan.eu\/en\/wp-json\/wp\/v2\/pages"}],"about":[{"href":"https:\/\/www.orlan.eu\/en\/wp-json\/wp\/v2\/types\/page"}],"author":[{"embeddable":true,"href":"https:\/\/www.orlan.eu\/en\/wp-json\/wp\/v2\/users\/1"}],"replies":[{"embeddable":true,"href":"https:\/\/www.orlan.eu\/en\/wp-json\/wp\/v2\/comments?post=18188"}],"version-history":[{"count":2,"href":"https:\/\/www.orlan.eu\/en\/wp-json\/wp\/v2\/pages\/18188\/revisions"}],"predecessor-version":[{"id":19675,"href":"https:\/\/www.orlan.eu\/en\/wp-json\/wp\/v2\/pages\/18188\/revisions\/19675"}],"up":[{"embeddable":true,"href":"https:\/\/www.orlan.eu\/en\/wp-json\/wp\/v2\/pages\/18187"}],"wp:attachment":[{"href":"https:\/\/www.orlan.eu\/en\/wp-json\/wp\/v2\/media?parent=18188"}],"curies":[{"name":"wp","href":"https:\/\/api.w.org\/{rel}","templated":true}]}}