{"id":19633,"date":"2013-05-09T11:31:58","date_gmt":"2013-05-09T11:31:58","guid":{"rendered":"https:\/\/www.orlan.eu\/portadas-de-libros\/"},"modified":"2024-03-14T13:47:28","modified_gmt":"2024-03-14T13:47:28","slug":"portadas-de-libros","status":"publish","type":"page","link":"https:\/\/www.orlan.eu\/es\/bio-biblio\/portadas-de-libros\/","title":{"rendered":"Portadas de libros"},"content":{"rendered":"\n<p><strong>HIBRIDACI\u00d3NES<br><\/strong>2023<br>Publicado por Fundaci\u00f3n la C\u00f9pula<\/p>\nngg_shortcode_0_placeholder\n<p><strong>&#8220;ORLAN EN MERIDA&#8221;<br><\/strong>2023<br>Publicado por Fundaci\u00f3n la C\u00f9pula<\/p>\nngg_shortcode_1_placeholder\n<p><strong>&#8220;GUERLAIN Un icono imperial<\/strong><br>2023<br>Publicado por Assouline<\/p>\nngg_shortcode_2_placeholder\n<p>&nbsp;<\/p>\n<p><strong>&#8220;ORLAN: SEIS D\u00c9CADAS<\/strong><br>2023<br>Publicado por Gabriele Schor &amp; Catherine Morris<\/p>\nngg_shortcode_3_placeholder\n<p><strong>&#8220;ORLAN: Stip-tease, todo sobre mi vida, todo sobre mi arte&#8221;<br><\/strong> Autor : ORLAN<br>2021<br>Publicado por Gallimard<\/p>\n<p style=\"text-align: left;\"><img data-recalc-dims=\"1\" loading=\"lazy\" decoding=\"async\" class=\"wp-image-12471 alignnone\" src=\"https:\/\/i0.wp.com\/www.orlan.eu\/wp-content\/uploads\/2023\/01\/Capture-decran-2023-01-13-a-16.26.54.png?resize=143%2C209\" alt=\"\" width=\"143\" height=\"209\" srcset=\"https:\/\/i0.wp.com\/www.orlan.eu\/wp-content\/uploads\/2023\/01\/Capture-decran-2023-01-13-a-16.26.54.png?w=644&amp;ssl=1 644w, https:\/\/i0.wp.com\/www.orlan.eu\/wp-content\/uploads\/2023\/01\/Capture-decran-2023-01-13-a-16.26.54.png?resize=68%2C100&amp;ssl=1 68w\" sizes=\"auto, (max-width: 143px) 100vw, 143px\" \/><\/p>\n<p><strong><img data-recalc-dims=\"1\" loading=\"lazy\" decoding=\"async\" class=\"alignleft wp-image-8705\" src=\"https:\/\/i0.wp.com\/www.orlan.eu\/wp-content\/uploads\/2018\/05\/Couv_OrlanSITE-150x150.png?resize=148%2C148\" alt=\"\" width=\"148\" height=\"148\" srcset=\"https:\/\/i0.wp.com\/www.orlan.eu\/wp-content\/uploads\/2018\/05\/Couv_OrlanSITE.png?resize=150%2C150&amp;ssl=1 150w, https:\/\/i0.wp.com\/www.orlan.eu\/wp-content\/uploads\/2018\/05\/Couv_OrlanSITE.png?zoom=2&amp;resize=148%2C148&amp;ssl=1 296w, https:\/\/i0.wp.com\/www.orlan.eu\/wp-content\/uploads\/2018\/05\/Couv_OrlanSITE.png?zoom=3&amp;resize=148%2C148&amp;ssl=1 444w\" sizes=\"auto, (max-width: 148px) 100vw, 148px\" \/><\/strong><strong>&#8221; Robot h\u00edbrido ORLANoid<\/strong><\/p>\n<p>Autores: Ariel Kyrou, Virginie Martin, Laurence Devillers y ORLAN.<\/p>\n<p>2018<\/p>\n<p>Publicado por \u00c9ditions Li\u00e9nart<\/p>\n<p>&nbsp;<\/p>\n<p><img data-recalc-dims=\"1\" loading=\"lazy\" decoding=\"async\" class=\"alignleft wp-image-8368\" src=\"https:\/\/i0.wp.com\/www.orlan.eu\/wp-content\/uploads\/2013\/05\/ORLANencapitales.jpg?resize=150%2C227\" alt=\"\" width=\"150\" height=\"227\"><\/p>\n<p><strong>&#8220;ORLAN EN MAY\u00daSCULAS<\/strong><\/p>\n<p>Autores: J\u00e9r\u00f4me Neutres, Shelley Rice, Tatyana Franck<\/p>\n<p>2017<\/p>\n<p>Publicado por Skira Paris<\/p>\n<p>&nbsp;<\/p>\n<p>&nbsp;<\/p>\n<p><img data-recalc-dims=\"1\" loading=\"lazy\" decoding=\"async\" class=\"wp-image-6839 alignleft\" src=\"https:\/\/i0.wp.com\/www.orlan.eu\/wp-content\/uploads\/2013\/05\/2mwu_Capturedcran20160531202513.png?resize=148%2C172\" alt=\"2mwu_Capturedcran20160531202513\" width=\"148\" height=\"172\" srcset=\"https:\/\/i0.wp.com\/www.orlan.eu\/wp-content\/uploads\/2013\/05\/2mwu_Capturedcran20160531202513.png?w=638&amp;ssl=1 638w, https:\/\/i0.wp.com\/www.orlan.eu\/wp-content\/uploads\/2013\/05\/2mwu_Capturedcran20160531202513.png?resize=517%2C600&amp;ssl=1 517w\" sizes=\"auto, (max-width: 148px) 100vw, 148px\" \/><\/p>\n<p><strong>&#8221; Retrospectiva de ORLAN TechnoBody 1966-2016<\/strong><\/p>\n<p>Autores: &nbsp;Moon Soon Park, Soukyoun Lee, Jinsang Yoo, Donatien Grau, Philippe Piguet, Imma Prieto, Domenico Quaranta<\/p>\n<p>2016<br \/>Publicado por SCALA<\/p>\n<p>&nbsp;<\/p>\n<p><img data-recalc-dims=\"1\" loading=\"lazy\" decoding=\"async\" class=\"wp-image-6042 alignnone\" src=\"https:\/\/i0.wp.com\/www.orlan.eu\/wp-content\/uploads\/2013\/05\/Capture-d%E2%80%99%C3%A9cran-2016-02-07-%C3%A0-15.17.17-800x466.png?resize=600%2C349\" alt=\"Captura de pantalla 2016-02-07 a las 15.17.17\" width=\"600\" height=\"349\"><\/p>\n<p><img data-recalc-dims=\"1\" loading=\"lazy\" decoding=\"async\" class=\"alignleft wp-image-6043\" src=\"https:\/\/i0.wp.com\/www.orlan.eu\/wp-content\/uploads\/2013\/05\/Capture-d%E2%80%99%C3%A9cran-2016-02-07-%C3%A0-15.17.36.png?resize=600%2C207\" alt=\"Captura de pantalla 2016-02-07 a las 15.17.36\" width=\"600\" height=\"207\"><img data-recalc-dims=\"1\" loading=\"lazy\" decoding=\"async\" class=\"alignleft wp-image-6041\" src=\"https:\/\/i0.wp.com\/www.orlan.eu\/wp-content\/uploads\/2013\/05\/Capture-d%E2%80%99%C3%A9cran-2016-02-07-%C3%A0-15.17.55.png?resize=600%2C194\" alt=\"Captura de pantalla 2016-02-07 a las 15.17.55\" width=\"600\" height=\"194\"><\/p>\n<p><strong>ORLAN,&nbsp;M\u00e9todo del artista<\/strong>, Centre national de la photographie, 2006<\/p>\n<p style=\"text-align: left;\"><span style=\"color: #666;\"><strong>ORLAN, M\u00e9thode de l&#8217;artiste<\/strong>, Centre national de la photographie, 2006<\/span><\/p>\nngg_shortcode_4_placeholder\n<p><img alt=\"\" width=\"800\" height=\"20\"><\/p>\n<p style=\"text-align: left;\"><strong>Magazyn Sztuki<\/strong>, Rebeli\u00f3n Mutante, 2004<\/p>\n<p style=\"text-align: left;\"><span style=\"color: #666;\"><strong>Magazyn Sztuki<\/strong>, Rebeli\u00f3n Mutante, 2004<\/span><\/p>\nngg_shortcode_5_placeholder\n<p><img alt=\"\" width=\"800\" height=\"20\"><\/p>\n<p style=\"text-align: left;\"><strong>Todo lo s\u00f3lido se funde con el aire<\/strong>, 2011<\/p>\n<p style=\"text-align: left;\"><span style=\"color: #666;\"><strong>Todo lo s\u00f3lido se funde en el aire<\/strong>, 2011<\/span><\/p>\nngg_shortcode_6_placeholder\n<p><img alt=\"\" width=\"800\" height=\"20\"><\/p>\n<p style=\"text-align: left;\"><strong>El prometido del<\/strong> diablo, Ed. du Toucan, 2011<\/p>\n<p style=\"text-align: left;\"><span style=\"color: #666;\"><strong>Les Fianc\u00e9es du diable<\/strong>, Ed. du Toucan, 2011<\/span><\/p>\nngg_shortcode_7_placeholder\n<p><img alt=\"\" width=\"800\" height=\"20\"><\/p>\n<p style=\"text-align: left;\"><strong>El retrato en el arte contempor\u00e1neo<\/strong>, edici\u00f3n Patou, 2011<\/p>\n<p style=\"text-align: left;\"><span style=\"color: #666;\"><strong>El retrato en<\/strong> el arte <strong>contempor\u00e1neo<\/strong>, Edition Patou, 2011<\/span><\/p>\nngg_shortcode_8_placeholder\n<p><img alt=\"\" width=\"800\" height=\"20\"><\/p>\n<p style=\"text-align: left;\"><strong>Arte contempor\u00e1neo entre l\u00edneas<\/strong>, PUF, 2013<\/p>\n<p style=\"text-align: left;\"><span style=\"color: #666;\"><strong>L&#8217;art contemporain entre les lignes<\/strong>, PUF, 2013<\/span><\/p>\nngg_shortcode_9_placeholder\n<p><img alt=\"\" width=\"800\" height=\"20\"><\/p>\n<p style=\"text-align: left;\"><strong>4\u00ba elemento favorito de ORLAN<\/strong>, L&#8217;ARTOTHEQUE, 2006<\/p>\n<p style=\"text-align: left;\"><span style=\"color: #666;\"><strong>El\u00e9ments favoris n&#8217;4 de ORLAN<\/strong>, L&#8217;ARTOTHEQUE, 2006<\/span><\/p>\nngg_shortcode_10_placeholder\n<p><img alt=\"\" width=\"800\" height=\"20\"><\/p>\n<p style=\"text-align: left;\"><strong>O R L A N monograf\u00eda digital<\/strong>, J\u00e9riko, 2004<\/p>\n<p style=\"text-align: left;\"><span style=\"color: #666;\"><strong>O R L A N monograf\u00eda digital<\/strong>, J\u00e9riko, 2004<\/span><\/p>\nngg_shortcode_11_placeholder\n<p><img alt=\"\" width=\"800\" height=\"20\"><\/p>\n<p style=\"text-align: left;\"><strong>O R L A N<\/strong>, Espacio L\u00edquido, 2006<\/p>\n<p style=\"text-align: left;\"><span style=\"color: #666;\"><strong>O R L A N<\/strong>, Espacio L\u00edquido, 2006<\/span><\/p>\nngg_shortcode_12_placeholder\n<p><img alt=\"\" width=\"800\" height=\"20\"><\/p>\n<p style=\"text-align: left;\"><strong>RIGA 2014<\/strong>, Capital europea de la cultura, 2014<\/p>\n<p style=\"text-align: left;\"><span style=\"color: #666;\"><strong>RIGA 2014<\/strong>, Capital Europea de la Cultura, 2014<\/span><\/p>\nngg_shortcode_13_placeholder\n<p><img alt=\"\" width=\"800\" height=\"20\"><\/p>\n<p style=\"text-align: left;\"><strong>Cultura inhumana<\/strong>, University of Pennsylvania Press, 2010<\/p>\n<p style=\"text-align: left;\"><span style=\"color: #666;\"><strong>Cultura inhumana<\/strong>, University of Pennsylvania Press, 2010<\/span><\/p>\nngg_shortcode_14_placeholder\n<p><img alt=\"\" width=\"800\" height=\"20\"><\/p>\n<p style=\"text-align: left;\"><strong>Fabulous Harlequin: ORLAN and the Patchwork<\/strong> Self, University of Nebraska Press, 2010<\/p>\n<p style=\"text-align: left;\"><span style=\"color: #666;\"><strong>Fabulous Harlequin: ORLAN and the Personal Patchwork<\/strong>, University of Nebraska Press, 2010<\/span><\/p>\nngg_shortcode_15_placeholder\n<p><img alt=\"\" width=\"800\" height=\"20\"><\/p>\n<p style=\"text-align: left;\"><strong>ORLAN: This Is My Body&#8230;This Is My Software<\/strong>, Black Dog Publishing Ltd, 1996<\/p>\n<p style=\"text-align: left;\"><span style=\"color: #666;\"><strong>ORLAN: Ceci Est Mon Corps&#8230;Cesi Est Mon Logiciel<\/strong>, Black Dog Publishing Ltd, 1996<\/span><\/p>\nngg_shortcode_16_placeholder\n<p><img alt=\"\" width=\"800\" height=\"20\"><\/p>\n<p style=\"text-align: left;\"><strong>ORLAN<\/strong>, Murcia Cultural, 2008<\/p>\n<p style=\"text-align: left;\"><span style=\"color: #666;\"><strong>ORLAN<\/strong>, Murcia Cultural, 2008<\/span><\/p>\nngg_shortcode_17_placeholder\n<p><img alt=\"\" width=\"800\" height=\"20\"><\/p>\n<p style=\"text-align: left;\"><strong>ORLAN: Millennial Female<\/strong>, Berg Publishers, 2000<\/p>\n<p style=\"text-align: left;\"><span style=\"color: #666;\"><strong>ORLAN: La mujer del milenio<\/strong>, Berg Editores, 2000<\/span><\/p>\nngg_shortcode_18_placeholder\n<p><img alt=\"\" width=\"800\" height=\"20\"><\/p>\n<p style=\"text-align: left;\"><strong>El cuerpo del<\/strong> artista, Phaidon, 2006<\/p>\n<p style=\"text-align: left;\"><span style=\"color: #666;\"><strong>El cuerpo<\/strong> del artista, Phaidon, 2006<\/span><\/p>\nngg_shortcode_19_placeholder\n<p><img alt=\"\" width=\"800\" height=\"20\"><\/p>\n<p style=\"text-align: left;\"><strong>Arte y feminismo<\/strong>, Phaidon, 2001<\/p>\n<p style=\"text-align: left;\"><span style=\"color: #666;\"><strong>Arte y feminismo<\/strong>, Phaidon, 2001<\/span><\/p>\nngg_shortcode_20_placeholder\n<p><img alt=\"\" width=\"800\" height=\"20\"><\/p>\n<p style=\"text-align: left;\"><strong>El arte en la era <\/strong> electr\u00f3nica , Fernand Hazan, 1993<\/p>\n<p style=\"text-align: left;\"><span style=\"color: #666;\">El <strong>arte en la era<\/strong> electr\u00f3nica, Fernand Hazan, 1993<\/span><\/p>\nngg_shortcode_21_placeholder\n<p><img alt=\"\" width=\"800\" height=\"20\"><\/p>\n<p style=\"text-align: left;\"><strong>From Acting to Performance: Essays in Modernism and Postmodernism <\/strong>, Routledge, 1997<\/p>\n<p style=\"text-align: left;\"><span style=\"color: #666;\"><strong>De l&#8217;acte \u00e0 la performance: Essai dans le modernisme et Postmodernisme<\/strong>, Routledge, 1997<\/span><\/p>\nngg_shortcode_22_placeholder\n<p><img alt=\"\" width=\"800\" height=\"20\"><\/p>\n<p style=\"text-align: left;\"><strong>Second Skins &#8211; The Body Narratives of Transsexuality<\/strong>, Columbia University Press, 1998<\/p>\n<p style=\"text-align: left;\"><span style=\"color: #666;\"><strong>Secondes Peaux &#8211; Le r\u00e9cit des corps transexuels<\/strong>, Columbia University Press, 1998<\/span><\/p>\nngg_shortcode_23_placeholder\n<p><img alt=\"\" width=\"800\" height=\"20\"><\/p>\n<p style=\"text-align: left;\"><strong>ORLAN triunfo del Barroco<\/strong>, Images En Manoeuvres, 2000<\/p>\n<p style=\"text-align: left;\"><span style=\"color: #666;\"><strong>ORLAN triunfa sobre el barroco<\/strong>, Images En Manoeuvres, 2000<\/span><\/p>\nngg_shortcode_24_placeholder\n<p><img alt=\"\" width=\"800\" height=\"20\"><\/p>\n<p style=\"text-align: left;\"><strong>Comunicaciones, n\u00b092. Rendimiento. El cuerpo expuesto<\/strong>publicado por Edition du Seuil, 2013<\/p>\nngg_shortcode_25_placeholder\n<p><img alt=\"\" width=\"800\" height=\"20\"><\/p>\n<p style=\"text-align: left;\"><strong>Primitivismo y fotograf\u00eda<\/strong>, ediciones trocadero, 2013<\/p>\n<p style=\"text-align: left;\"><span style=\"color: #666;\"><strong>El primitivismo en<\/strong> la fotograf\u00eda, Ediciones Trocadero, 2013<\/span><\/p>\nngg_shortcode_26_placeholder\n<p><img alt=\"\" width=\"800\" height=\"20\"><\/p>\n<p style=\"text-align: left;\"><strong>ORLAN, MeasuRAGES(1968-2012) Acci\u00f3n: ORLAN-Body<\/strong>, Cat\u00e1logo de M HKA, 2012<\/p>\n<p style=\"text-align: left;\"><span style=\"color: #666;\"><strong>ORLAN, MesuRAGES(1968-2012) Acci\u00f3n: ORLAN-Corps<\/strong>, cat\u00e1logo M HKA, 2012<\/span><\/p>\nngg_shortcode_27_placeholder\n<p><img alt=\"\" width=\"800\" height=\"20\"><\/p>\n<p style=\"text-align: left;\"><strong>ORLAN: un conjunto h\u00edbrido de obras de arte<\/strong>, Routledge Editions, 2010<\/p>\n<p style=\"text-align: left;\"><span style=\"color: #666;\"><strong>Editado por Simon Donger con Simon Shepherd y ORLAN<\/strong><br \/>ngg_shortcode_28_placeholder<\/span><\/p>\n<p><img alt=\"\" width=\"800\" height=\"20\"><\/p>\n<p style=\"text-align: left;\"><strong>ORLAN, La Narrativa<\/strong>, Edizioni Charta, 2007<\/p>\n<p style=\"text-align: left;\"><span style=\"color: #666;\"><strong>ORLAN, La historia<\/strong>, Edizioni Charta, 2007<\/span><\/p>\nngg_shortcode_29_placeholder\n<p><img alt=\"\" width=\"800\" height=\"20\"><\/p>\n<p style=\"text-align: left;\"><strong>L&#8217;art contemporain en France<\/strong>, Editorial: Flammarion; Edici\u00f3n: revisada y ampliada, 2005<\/p>\n<p style=\"text-align: left;\"><span style=\"color: #666;\"><strong>Catherine Millet<\/strong><\/span><\/p>\nngg_shortcode_30_placeholder\n<p><img alt=\"\" width=\"800\" height=\"20\"><\/p>\n<p style=\"text-align: left;\"><strong>ORLAN Arte carnal<\/strong>, Ediciones Flammarion, 2004<\/p>\n<p style=\"text-align: left;\"><span style=\"color: #666;\"><strong>ORLAN<\/strong>, Flammarion \u00c9ditions, 2004<\/span><\/p>\nngg_shortcode_31_placeholder\n<p><img alt=\"\" width=\"800\" height=\"20\"><\/p>\n<p style=\"text-align: left;\"><strong>ETC. Montreal, n\u00ba 60<\/strong>Diciembre de 2002, enero, febrero de 2003<\/p>\nngg_shortcode_32_placeholder\n<p><img alt=\"\" width=\"800\" height=\"20\"><\/p>\n<p style=\"text-align: left;\"><strong>Avatar<\/strong>, Meltemi Editore, 2001<\/p>\nngg_shortcode_33_placeholder\n<p><img alt=\"\" width=\"800\" height=\"20\"><\/p>\n<p style=\"text-align: left;\"><strong>Art \u00e0<\/strong> Mort, L\u00e9o Scheer \u00c9ditions, 2001<\/p>\nngg_shortcode_34_placeholder\n<p><img alt=\"\" width=\"800\" height=\"20\"><\/p>\n<p style=\"text-align: left;\">Beaux <strong>Arts Magazine, Le Magazine De L&#8217;actualit\u00e9 N\u00b0 174<\/strong>, Beaux Arts S. A., 1998<\/p>\nngg_shortcode_35_placeholder\n<p><img alt=\"\" width=\"800\" height=\"20\"><\/p>\n<p style=\"text-align: left;\"><strong>Believe: Walter Van Beirendonck and Wild and Lethal Trash<\/strong>, NAi Publishers\/Museums Boijmans Van Beuningen, 1998<\/p>\nngg_shortcode_36_placeholder\n<p><img alt=\"\" width=\"800\" height=\"20\"><\/p>\n<p style=\"text-align: left;\"><strong>From Acting to Performance: Essays in Modernism and Postmodernism<\/strong>, Routledge, 1997.<\/p>\nngg_shortcode_37_placeholder\n<p><img alt=\"\" width=\"800\" height=\"20\"><\/p>\n<p style=\"text-align: left;\"><strong>L&#8217;art au corps: le corps expos\u00e9 de Man Ray \u00e0 nos jours<\/strong>, Mus\u00e9es de Marseille, 1996<\/p>\nngg_shortcode_38_placeholder\n<p><img alt=\"\" width=\"800\" height=\"20\"><\/p>\n<p style=\"text-align: left;\"><strong>Fiction International 29: Pain<\/strong>, Universidad Estatal de San Diego, 1996<\/p>\nngg_shortcode_39_placeholder\n<p><img alt=\"\" width=\"800\" height=\"20\"><\/p>\n<p style=\"text-align: left;\"><strong>Kroppen som membran<\/strong>, Kunsthallen Brandts Kl\u00e6defabrik, 1996<\/p>\n<p style=\"text-align: left;\"><span style=\"color: #666;\"><strong>El cuerpo como membrana<\/strong>, Kunsthallen Brandts Kl\u00e6defabrik, 1996<\/span><\/p>\nngg_shortcode_40_placeholder\n<p><img alt=\"\" width=\"800\" height=\"20\"><\/p>\n<p style=\"text-align: left;\"><strong>Feminism and Contemporary Art: The Revolutionary Power of Women&#8217;s Laughter<\/strong>, Routledge, 1996.<\/p>\nngg_shortcode_41_placeholder\n<p><img alt=\"\" width=\"800\" height=\"20\"><\/p>\n<p style=\"text-align: left;\"><strong>El vac\u00edo de la imagen: psicoan\u00e1lisis y diferencias<\/strong> sexuales, Routledge, 1995<\/p>\nngg_shortcode_42_placeholder\n<p><img alt=\"\" width=\"800\" height=\"20\"><\/p>\n<p style=\"text-align: left;\"><strong>Arte en Francia: 1970-1993<\/strong>, Edizioni Mazzotta, 1994<\/p>\n<p style=\"text-align: left;\"><span style=\"color: #666;\"><strong>Arte en Francia: 1970-1993<\/strong>, Mazzotta \u00c9ditions , 1994<\/span><\/p>\nngg_shortcode_43_placeholder\n<p><img alt=\"\" width=\"800\" height=\"20\"><\/p>\n<p style=\"text-align: left;\"><strong>DARS, periodico d&#8217;arte contemporanea l&#8217;angoscia<\/strong>, 1992<\/p>\nngg_shortcode_44_placeholder\n<p><img alt=\"\" width=\"800\" height=\"20\"><\/p>\n<p style=\"text-align: left;\"><strong>L&#8217;Acte pour l&#8217;Art<\/strong>, \u00c9diteurs \u00c9vidant, 1988<\/p>\nngg_shortcode_45_placeholder\n","protected":false},"excerpt":{"rendered":"<p>HIBRIDACI\u00d3NES2023Publicado por Fundaci\u00f3n la C\u00f9pula &#8220;ORLAN EN MERIDA&#8221;2023Publicado por Fundaci\u00f3n la C\u00f9pula &#8220;GUERLAIN Un icono imperial2023Publicado por Assouline &nbsp; &#8220;ORLAN: SEIS D\u00c9CADAS2023Publicado por Gabriele Schor &amp; Catherine Morris &#8220;ORLAN: Stip-tease, todo sobre mi vida, todo sobre mi arte&#8221; Autor : ORLAN2021Publicado por Gallimard &#8221; Robot h\u00edbrido ORLANoid Autores: Ariel Kyrou, Virginie Martin, Laurence Devillers y [&hellip;]<\/p>\n","protected":false},"author":1,"featured_media":0,"parent":19789,"menu_order":1,"comment_status":"closed","ping_status":"open","template":"","meta":{"_eb_attr":"","_monsterinsights_skip_tracking":false,"_monsterinsights_sitenote_active":false,"_monsterinsights_sitenote_note":"","_monsterinsights_sitenote_category":0,"_s2mail":"","ngg_post_thumbnail":0,"footnotes":""},"class_list":["post-19633","page","type-page","status-publish","hentry"],"jetpack_sharing_enabled":true,"_links":{"self":[{"href":"https:\/\/www.orlan.eu\/es\/wp-json\/wp\/v2\/pages\/19633","targetHints":{"allow":["GET"]}}],"collection":[{"href":"https:\/\/www.orlan.eu\/es\/wp-json\/wp\/v2\/pages"}],"about":[{"href":"https:\/\/www.orlan.eu\/es\/wp-json\/wp\/v2\/types\/page"}],"author":[{"embeddable":true,"href":"https:\/\/www.orlan.eu\/es\/wp-json\/wp\/v2\/users\/1"}],"replies":[{"embeddable":true,"href":"https:\/\/www.orlan.eu\/es\/wp-json\/wp\/v2\/comments?post=19633"}],"version-history":[{"count":1,"href":"https:\/\/www.orlan.eu\/es\/wp-json\/wp\/v2\/pages\/19633\/revisions"}],"predecessor-version":[{"id":19645,"href":"https:\/\/www.orlan.eu\/es\/wp-json\/wp\/v2\/pages\/19633\/revisions\/19645"}],"up":[{"embeddable":true,"href":"https:\/\/www.orlan.eu\/es\/wp-json\/wp\/v2\/pages\/19789"}],"wp:attachment":[{"href":"https:\/\/www.orlan.eu\/es\/wp-json\/wp\/v2\/media?parent=19633"}],"curies":[{"name":"wp","href":"https:\/\/api.w.org\/{rel}","templated":true}]}}