{"id":19676,"date":"2010-03-25T14:00:35","date_gmt":"2010-03-25T14:00:35","guid":{"rendered":"https:\/\/www.orlan.eu\/radio-y-tv\/"},"modified":"2024-03-14T13:47:28","modified_gmt":"2024-03-14T13:47:28","slug":"radio-y-tv","status":"publish","type":"page","link":"https:\/\/www.orlan.eu\/es\/bio-biblio\/radio-y-tv\/","title":{"rendered":"Radio y TV"},"content":{"rendered":"<h2 style=\"text-align: right;\"><span style=\"color: #800080;\"><em><a style=\"color: #800080;\" href=\"#tvshow\">Ir a TV&nbsp;Show<\/a><\/em><\/span><\/h2>\n<div>\n<div>\n<div>\n<div>\n<div>\n<div>Laurent Goumarre, &#8220;ORLAN, Martin Berthelot et Bruno Pradels&#8221;, France Inter, mi\u00e9rcoles 25 de mayo de 2023.<\/div>\n<div>&nbsp;<\/div>\n<div><span style=\"font-size: inherit;\">Charles P\u00e9pin, <\/span><span style=\"font-weight: 400;\">&#8220;Sous le soleil de Platon&#8221;&nbsp;, France Inter, lunes 15 de agosto de 2022&nbsp;<\/span><\/div>\n<\/div>\n<\/div>\n<\/div>\n<\/div>\n<\/div>\n<div>&nbsp;<\/div>\n<div>C\u00e9cile Debray, &#8220;Picasso et les femmes: l&#8217;ombre au tableau l&#8217;invit\u00e9e des matins&#8221;, France Inter, 13 de julio de 2022&nbsp;<\/p>\n<div>&nbsp;<\/div>\n<\/div>\n<p><span style=\"font-weight: 400;\">Sebastien Theme, &#8220;La Madeleine du dimanche&#8221;, France Culture, 22 de mayo de 2022.&nbsp;<\/span><\/p>\n<p>Laure Adler, &#8220;L&#8217;heure bleue&#8221;, en: France Inter, 3 de junio de 2021.<\/p>\n<p>Femmes d&#8217;Art, &#8220;Episode 45&#8221;: Podcast, 2 de junio de 2021.<\/p>\n<p>Augustin Trapenard, &#8220;ORLAN en lettres capitales&#8221;, en: France Inter, 26 de abril de 2017.<\/p>\n<p>Laurence Garcia, &#8220;Dans tes r\u00eaves&#8221; con Chlo\u00e9 Delaume, en: France Inter, 8 de diciembre de 2016.<\/p>\n<p>France Inter, &#8220;La face voil\u00e9e du burkini&#8221;, debate, programa de radio Laurent Goumarre <em>Le nouveau Rendez-vous<\/em>, 29 de agosto de 2016, Par\u00eds, Francia.<\/p>\n<p>Jean de Loisy y Sandra Adam-Couralet, &nbsp;&#8221; Les regardeurs&nbsp;&#8220;, en :&nbsp;<em><br \/>\n  <strong>Francia Cultura<\/strong><br \/>\n<\/em>, 6 de junio de 2016.<\/p>\n<p>Arnaud Laporte, &#8221;&nbsp;La dispute&nbsp;&#8220;, en :<em><br \/>\n  <strong>&nbsp;France Culture<\/strong><br \/>\n<\/em>, 21 de abril de 2016.<\/p>\n<p style=\"text-align: justify;\">Laurent Goumarre, &#8220;Le Grand Jeu des r\u00e9gionales&#8221;, en : <em><br \/>\n  <strong>France Inter<\/strong><br \/>\n<\/em>, 14 de diciembre de 2015<\/p>\n<p style=\"text-align: justify;\">Fr\u00e9d\u00e9ric Taddei, &#8220;Europe 1 Social Club: ORLAN, j&#8217;ai fait signer des p\u00e9titions contre la mort&#8221;, en: Europe 1, 15 de octubre de 2015.<\/p>\n<p style=\"text-align: justify;\">Laurent Goumarre, &#8220;Le nouveau rendez-vous: 20 ans de r\u00e9volution Gay, ORLAN et musique bretonne&#8221;, en: France Inter, 15 de octubre de 2015.<\/p>\n<p style=\"text-align: justify;\">Mathilde Serrell, Martin Quenehen, &#8220;Emission Ping Pong: Striptease plastique et cabaret f\u00e9ministe avec ORLAN &amp; Nathalie Joly&#8221;, en: France Culture, 2 de octubre de 2015.<\/p>\n<p style=\"text-align: justify;\">Siegfried Forster, &#8220;ORLAN hace &#8220;Strip-tease&#8221;, la revoluci\u00f3n art\u00edstica a trav\u00e9s del cuerpo&#8221;, en: RFI, 21 de septiembre de 2015.<\/p>\n<p style=\"text-align: justify;\">Laurent Goumarre, &#8220;Le Rendez-vous du 2\/09 avec ORLAN et Franck Maubert&#8221;, en: France Culture, 2 de septiembre de 2014.<\/p>\n<p>Fran\u00e7oise Raes, &#8220;Bang Bang: ORLAN en ligne&#8221;, en : Pure FM, mayo de 2013 (B\u00e9lgica).<\/p>\n<p>Sandrine Treiner, Pascale Lismonde, &#8220;\u00c0 voix nue : ORLAN, artiste, corps rebelle (5\/5)&#8221;, en: France Culture, 7 de diciembre de 2012.<\/p>\n<p>Sandrine Treiner, Pascale Lismonde, &#8220;\u00c0 voix nue : ORLAN, artiste, corps rebelle (4\/5)&#8221;, en: France Culture, 6 de diciembre de 2012.<\/p>\n<p>Sandrine Treiner, Pascale Lismonde, &#8220;\u00c0 voix nue : ORLAN, artiste, corps rebelle (3\/5)&#8221;, en: France Culture, 5 de diciembre de 2012.<\/p>\n<p>Sandrine Treiner, Pascale Lismonde, &#8220;\u00c0 voix nue : ORLAN, artiste, corps rebelle (2\/5)&#8221;, en: France Culture, 4 de diciembre de 2012.<\/p>\n<p>Sandrine Treiner, Pascale Lismonde, &#8220;\u00c0 voix nue : ORLAN, artiste, corps rebelle (1\/5)&#8221;, en: France Culture, 3 de diciembre de 2012.<\/p>\n<p>Fran\u00e7ois Angelier, &#8220;Nuit blanche 2012 : Les mots d&#8217;ORLAN&#8221;, en : France Culture, 6 de octubre de 2012.<\/p>\n<p>Vincent Josse, &#8220;L&#8217;Atelier d&#8217;ORLAN, artiste plasticienne&#8221;, en: France Inter, noviembre de 2011.<\/p>\n<p>Pascale Lismonde, &#8220;L&#8217;atelier d&#8217;ORLAN, artiste plasticienne&#8221;, en: France Inter, noviembre de 2011.<\/p>\n<p>Michel Field, &#8220;Caf\u00e9 D\u00e9couverte&#8221;, en: Europe 1, septiembre de 2010<\/p>\n<p>Laure Adler, &#8220;Hors-Champs&#8221;, en: France Culture, enero de 2010<\/p>\n<p>&#8220;Programa ORLAN L&#8217;\u00e9l\u00e9phant efervescence&#8221;, en: Radio Nova, enero de 2010<\/p>\n<p>\u00c9lisabeth Couturier, &#8220;Le mus\u00e9e personnel d&#8217;ORLAN, programme Les Jeudis de l&#8217;expo&#8221;, en: France Culture, diciembre de 2009<\/p>\n<p>Eric Alliez, Sabine Leuvine, &#8220;ORLAN religieuse ?&#8221;, en: Radio Tomate, noviembre de 1981<\/p>\n<p>&#8220;Nouveaux courants: transavant-garde figuration libre fran\u00e7aise, \u00e9nergie New yorkaise&#8221;, en: Radio Nova, octubre de 1981<\/p>\n<p>&#8220;Intervention pour la Pologne&#8221;, en: Radio Nova, diciembre de 1981<\/p>\n<p>&#8220;Performance Performante&#8221;, en: Radio Tomate, octubre de 1981.<\/p>\n<p>Monique Veaute, &#8220;La voix, programme Les Nuits Magn\u00e9tiques&#8221;, en: France Culture, 1981<\/p>\n<p>Monique Veaute, &#8220;La performance, programa Les Nuits Magn\u00e9tiques&#8221;, en: France Culture, 1981<\/p>\n<p>Monique Veaute, &#8220;Le Sein, programme Les Nuits Magn\u00e9tiques&#8221;, en: France Culture, 1980<\/p>\n<p>Dominique Chapuis, &#8220;A prop\u00f3sito de Le MesuRage de Beaubourg&#8221;, en: France Culture, 1979<\/p>\n<h3 style=\"text-align: justify;\">&nbsp;<a id=\"tvshow\"><\/a><\/h3>\n<h3 style=\"text-align: justify;\"><span style=\"color: #000000;\"><b>Programa de TV<\/b><\/span><\/h3>\n<p>Alexandra Roualt, ORLAN rehabilita el baile lento, <em><br \/>\n  <strong>en France 2<\/strong><br \/>\n<\/em>mayo de 2023.<\/p>\n<p>Olivier Picasso, Cuarenta a\u00f1os del Centro Pompidou, <strong><br \/>\n  <em>en France 2<\/em><br \/>\n<\/strong>enero de 2017.<\/p>\n<p>LOCB, &#8220;ORLAN Hoy y todos los festivales de verano&#8221;, en: <strong><br \/>\n  <em>France 3<\/em><br \/>\n<\/strong><sup>24 de<\/sup> junio de 2016.<\/p>\n<p>Laura Sangr\u00e0, &#8220;Entrevista a ORLAN&#8221;, en: Tria 33, TV.3, 18 de enero de 2016 (Espa\u00f1a).<\/p>\n<p style=\"text-align: justify;\">Programa Antoine de Caunes, Canal +, Francia, 26 de noviembre de 2015.<\/p>\n<p style=\"text-align: justify;\">Louise Dupont, &#8220;ORLAN, l&#8217;art au-del\u00e0 des normes&#8221;, en: France 24, 25 de septiembre de 2015.<\/p>\n<p style=\"text-align: justify;\">Odile Morain, &#8220;ORLAN se desnuda &#8220;Des cellules jusqu&#8217;\u00e0 l&#8217;os&#8221; en un striptease digital&#8221;, en: Francetvinfo, 25 de septiembre de 2015.<\/p>\n<p>J\u00e9r\u00f4me Cassou, en: Arte Journal, 24 de septiembre de 2013.<\/p>\n<p>Aldo Lee, &#8220;ORLAN: baiser automatique&#8221;, en : Canal +, 17 de abril de 2010<\/p>\n<p>Lo\u00efc Connansky, &#8220;De la Condition F\u00e9minine en milieu artistique&#8221;, en: Canal +, 3-4 de noviembre de 2009<\/p>\n<p>s\/d, en : Direct 8, 30 de octubre y 12 de noviembre de 2009<\/p>\n<p>Olivia de Buhren, &#8220;Tous les go\u00fbts sont dans la culture&#8221;, en: France 3, 27 de octubre de 2009.<\/p>\n<p>Fr\u00e9d\u00e9ric Tadde\u00ef, &#8220;Ce soir ou jamais&#8221;, en: France 2, 15 de junio de 2009.<\/p>\n<p>Ruth Cantarero, &#8220;Metr\u00f3polis, Arte biotecnol\u00f3gico&#8221;, en: TVE, 15 de marzo de 2009 (Espa\u00f1a).<\/p>\n<p>Raphael Enthoven, &#8220;Philo&#8221;, edici\u00f3n sobre la fealdad, con Gabrielle Aubry, en: France 2, 9 de noviembre de 2008.<\/p>\n<p>Cobertura de la FIAC 2008, en: Arte, 27 de octubre de 2008.<\/p>\n<p>Isabelle Bacheler, Journal t\u00e9l\u00e9vis\u00e9, en: Canal +, julio de 2007.<\/p>\n<p>Lo\u00efc Connanski, Programa Mensomadaire, en: Paris Premi\u00e8re, febrero de 2005<\/p>\n<p>Thierry Ardisson, Paris Derni\u00e8re, 30 de mayo de 2003.<\/p>\n<p>Marc-Olivier Faugiel, &#8220;On ne peut pas plaire \u00e0 tout le monde&#8221;, en: France 3, 2001.<\/p>\n<p>&#8220;Mediamente TV&#8221;, en: Rai, febrero de 1999 (Italia)<\/p>\n<p>&#8220;Gordon goes round&#8221;, en : RTBF, 1999 (B\u00e9lgica)<\/p>\n<p>R. Wandel, &#8220;Programme Int\u00e9rieur nuit &#8220;special corps&#8221;&#8221;, en: Rai II, 1998 (Italia)<\/p>\n<p>&#8220;Friderikusz Show&#8221;, en: Hangarian Television, 17 de abril de 1996 (Hungr\u00eda)<\/p>\n<p>&#8220;Mujer sin cabeza&#8221;, en: ICA, 18 de marzo de 1996 (Reino Unido)<\/p>\n<p>&#8220;Programma Temeraela notte&#8221;, en: Rai II, 13 de marzo de 1996 (Italia)<\/p>\n<p>Jean-Marc Morandini, &#8220;Tout est possible&#8221;, en: TF1, 18 de enero de 1995.<\/p>\n<p>Christophe Dechavanne, &#8220;Qu&#8217;est-ce qui se passe chez Madonna?&#8221;, en: TF1, 16 de octubre de 1994.<\/p>\n<p>Programa Faxculture, en: T\u00e9l\u00e9vision Suisse Romande 3 de noviembre de 2002. Programa de televisi\u00f3n, 29 de abril de 1994 (Suiza)<\/p>\n<p>&#8220;Tal Cual&#8221;, en: TVE, febrero de 1994 (Espa\u00f1a)<\/p>\n<p>Connie Chung, &#8220;Eye to Eye&#8221;, en: CBS News, 23 de diciembre de 1993 (Estados Unidos)<\/p>\n<p>Antoine de Caunes, Jean-Paul Gaultier, &#8220;Eurotrash&#8221;, en: Channel 4, abril de 1993 (Reino Unido)<\/p>\n<p>St\u00e9phan Oriach, Alain Burosse, &#8220;Un peu de temps et vous ne me verrez plus&#8221;, en: Antenne 2, 10 de abril de 1993<\/p>\n<p>&#8220;Hors limites&#8221;, en: Arte, enero de 1993<\/p>\n<p>Brigitte Cornaud, Alain Burosse, &#8220;Programa L&#8217;\u0152il du cyclone sobre Performance&#8221;, en : Art TV, octubre de 1992 (Australia)<\/p>\n<p>Emisi\u00f3n en: DRS Zurich, 24 de septiembre de 1992 (Suiza).<\/p>\n<p>Mireille Dumas, &#8220;Bas les masques&#8221;, en: Canal +, 12 de julio de 1992<\/p>\n<p>Retransmitido tres veces en: FR 3 Bourgogne, junio de 1992<\/p>\n<p>&#8220;Programa Sydney 30 minutos&#8221;, en: New York Cable, 12 de abril de 1992 (Estados Unidos)<\/p>\n<p>Emisi\u00f3n en junio de 1992, Colonia (Alemania)<\/p>\n<p>Christophe Dechavanne, &#8220;Ciel mon mardi !&#8221;, en: TF1, 17 de febrero de 1991<\/p>\n<p>Patrick Sabatier, &#8220;Si on se disait tout&#8221;, en: Europe 1, 22 de febrero de 1991<\/p>\n<p>Bernard Pivot, &#8220;Bouillon de culture&#8221;, en: Antenne 2, marzo de 1991<\/p>\n<p>Kurt Aeschbacher, &#8220;Grell-Pastell&#8221; en: TV DSR, 3 de enero de 1991&nbsp;(Alemania)<\/p>\n<p>&#8220;It Happens&#8221;, en: NDR Fernsehen, 28 de septiembre de 1991&nbsp;(Alemania)<\/p>\n<p>Emisi\u00f3n en: NDRL Hamburgo, 5 de enero de 1990&nbsp;(Alemania)<\/p>\n<p>&#8220;Behind the headlines&#8221;, en: BBC, 1990 (Reino Unido)<\/p>\n<p>Emisi\u00f3n en : CTV Lyon Cables,1990<\/p>\n<p>Emisi\u00f3n: FR3 Lille, mayo-junio de 1990<\/p>\n<p>&#8220;Historias reales&#8221;, en: LA CINQ, septiembre de 1990<\/p>\n<p>&#8220;MesuRage en el Museo Guggenheim de Nueva York&#8221;, en: New York Cable, 26 de julio de 1983 (Estados Unidos)<\/p>\n<p>Jacques Martin, &#8220;Incroyable mais vrai&#8221;, en: Antenne 2, enero de 1981<\/p>\n<p>Michel Suquet, &#8220;Programa sobre el aspecto p\u00fablico del cuerpo femenino&#8221;, en: T\u00e9l\u00e9vision belge, marzo de 1981 (B\u00e9lgica)<\/p>\n<p>&#8220;Noticia sobre MesuRage en la plaza Saint-Pierre de Lieja&#8221;, en: T\u00e9l\u00e9vision belge, febrero de 1980 (B\u00e9lgica)<\/p>\n<p>Claude Villers , &#8220;Le Baiser de l&#8217;artiste&#8221;, en : T\u00e9l\u00e9test, julio de 1980<\/p>\n<p>Emisi\u00f3n en: WDR Fernsehen III, 7 de octubre de 1979 (Alemania)<\/p>\n<p>&#8220;Noticia sobre Le Baiser de l&#8217;artiste en el F. I. A. C. 1977&#8221; en: TF1, 23 de octubre de 1977<\/p>\n<p>Philippe Bouvard, &#8220;Le dessus du panier&#8221;, en: Antenne 2, noviembre de 1977<\/p>\n","protected":false},"excerpt":{"rendered":"<p>Ir a TV&nbsp;Show Laurent Goumarre, &#8220;ORLAN, Martin Berthelot et Bruno Pradels&#8221;, France Inter, mi\u00e9rcoles 25 de mayo de 2023. &nbsp; Charles P\u00e9pin, &#8220;Sous le soleil de Platon&#8221;&nbsp;, France Inter, lunes 15 de agosto de 2022&nbsp; &nbsp; C\u00e9cile Debray, &#8220;Picasso et les femmes: l&#8217;ombre au tableau l&#8217;invit\u00e9e des matins&#8221;, France Inter, 13 de julio de 2022&nbsp; [&hellip;]<\/p>\n","protected":false},"author":1,"featured_media":0,"parent":19789,"menu_order":6,"comment_status":"open","ping_status":"open","template":"","meta":{"_eb_attr":"","_monsterinsights_skip_tracking":false,"_monsterinsights_sitenote_active":false,"_monsterinsights_sitenote_note":"","_monsterinsights_sitenote_category":0,"_s2mail":"","ngg_post_thumbnail":0,"footnotes":""},"class_list":["post-19676","page","type-page","status-publish","hentry"],"jetpack_sharing_enabled":true,"_links":{"self":[{"href":"https:\/\/www.orlan.eu\/es\/wp-json\/wp\/v2\/pages\/19676","targetHints":{"allow":["GET"]}}],"collection":[{"href":"https:\/\/www.orlan.eu\/es\/wp-json\/wp\/v2\/pages"}],"about":[{"href":"https:\/\/www.orlan.eu\/es\/wp-json\/wp\/v2\/types\/page"}],"author":[{"embeddable":true,"href":"https:\/\/www.orlan.eu\/es\/wp-json\/wp\/v2\/users\/1"}],"replies":[{"embeddable":true,"href":"https:\/\/www.orlan.eu\/es\/wp-json\/wp\/v2\/comments?post=19676"}],"version-history":[{"count":1,"href":"https:\/\/www.orlan.eu\/es\/wp-json\/wp\/v2\/pages\/19676\/revisions"}],"predecessor-version":[{"id":19794,"href":"https:\/\/www.orlan.eu\/es\/wp-json\/wp\/v2\/pages\/19676\/revisions\/19794"}],"up":[{"embeddable":true,"href":"https:\/\/www.orlan.eu\/es\/wp-json\/wp\/v2\/pages\/19789"}],"wp:attachment":[{"href":"https:\/\/www.orlan.eu\/es\/wp-json\/wp\/v2\/media?parent=19676"}],"curies":[{"name":"wp","href":"https:\/\/api.w.org\/{rel}","templated":true}]}}