{"id":19798,"date":"2010-03-19T18:17:29","date_gmt":"2010-03-19T18:17:29","guid":{"rendered":"https:\/\/www.orlan.eu\/bio-biblio\/biografia\/"},"modified":"2010-03-19T18:17:29","modified_gmt":"2010-03-19T18:17:29","slug":"biografia","status":"publish","type":"page","link":"https:\/\/www.orlan.eu\/es\/bio-biblio\/biografia\/","title":{"rendered":"Biograf\u00eda"},"content":{"rendered":"<h2 style=\"text-align: right;\"><a href=\"http:\/\/www.orlan.eu\/wp-content\/uploads\/2020\/05\/CV-ORLAN-2020.docx\">ORLAN CURRICULUM VITAE COMPLETO<\/a><\/h2>\n<h2>&nbsp;<\/h2>\n<h2 style=\"text-align: center;\"><strong>ORLAN (CORTO) CURRICULUM VITAE&nbsp;<\/strong><\/h2>\n<h2 style=\"text-align: center;\"><strong>&#8211; Version fran\u00e7aise ci-dessous &#8211;<br \/>\n<\/strong><\/h2>\n<p><b>&#8220;SOY ORLAN, ENTRE OTRAS COSAS Y EN LA MEDIDA DE LO POSIBLE. MI NOMBRE SE ESCRIBE CADA LETRA EN MAY\u00daSCULAS PORQUE NO QUIERO QUE ME HAGAN ENCAJAR, NO QUIERO QUE ME HAGAN ENCAJAR EN LA FILA&#8221;.<\/b><\/p>\n<p><strong>1. PR\u00c1CTICAS ART\u00cdSTICAS<\/strong><\/p>\n<p>ORLAN es uno de los artistas franceses m\u00e1s conocidos internacionalmente.<\/p>\n<p><span style=\"font-weight: 400;\">No est\u00e1 atada a ning\u00fan material, tecnolog\u00eda o pr\u00e1ctica art\u00edstica.&nbsp;<\/span>Crea esculturas, fotograf\u00edas, performances, v\u00eddeos y videojuegos, realidad aumentada,&nbsp;<span style=\"font-weight: 400;\">inteligencia artificial y rob\u00f3tica (ha creado un robot a su imagen y semejanza que habla con su voz)<\/span> utilizando t\u00e9cnicas cient\u00edficas y m\u00e9dicas como la cirug\u00eda y la biogen\u00e9tica. Para ella s\u00f3lo son medios, la idea prevalece y la materialidad persigue.<\/p>\n<p>ORLAN hace de su propio cuerpo el medio, la materia prima y el soporte visual de su obra. Tiene lugar como el &#8220;debate p\u00fablico&#8221;. Es una figura importante del arte corporal y del &#8220;arte carnal&#8221;, como ella misma lo defin\u00eda en su manifiesto de 1989.<\/p>\n<p>Su compromiso y su libertad son parte integrante de su trabajo. Defiende posturas innovadoras, interrogativas y subversivas en toda su obra. ORLAN cambia constante y radicalmente los datos, lo que trastoca las convenciones y el &#8220;pensamiento prefabricado&#8221;. Se opone al determinismo natural, social y pol\u00edtico y a todas las formas de dominaci\u00f3n, supremac\u00eda masculina, religi\u00f3n, segregaci\u00f3n cultural y racismo, etc.<\/p>\n<p>Siempre mezcladas con humor, a menudo par\u00f3dicas o incluso grotescas, sus provocadoras obras de arte pueden escandalizar porque sacuden los c\u00f3digos preestablecidos.<\/p>\n<p>ORLAN gan\u00f3 el premio E-reputation, que designa al artista m\u00e1s observado y seguido en la Red.<\/p>\n<p><strong>2. HONOR\u00cdFICOS, <\/strong><strong>GALARDONES, BECAS Y PREMIOS<\/strong><\/p>\n<p><strong>ORLAN ha recibido varios premios y subvenciones a lo largo de su carrera:<\/strong><\/p>\n<p>En 2020, ORLAN fue nombrado Presidente de Hundred Heroines (Londres)<\/p>\n<p>En 2019, ORLAN recibi\u00f3 el Maestro Academico Emerito por la Academia Di Belle Arti Di Roma entregado por la directora de la Academia, Tiziana D&#8217;Acchille.<\/p>\n<p>En 2019, ORLAN fue galardonada con el premio especial de la Mujer del a\u00f1o por el Pr\u00edncipe de Monte-Carlo (M\u00f3naco).<\/p>\n<p>En 2018, ORLAN recibi\u00f3 el premio Cien Hero\u00ednas de la Fotograf\u00eda de The Royal Photograhic Society en Paris Photo (Par\u00eds).<\/p>\n<p>En 2017 recibi\u00f3 el Premio Internacional a la Excelencia Femenina del Ministerio de Asuntos Internacionales de G\u00e9nova (Italia).<\/p>\n<p>En 2013 recibi\u00f3 el Gran Premio E-REPUTATION de Alexia Guggemos en Christie&#8217;s de Par\u00eds (Francia).<\/p>\n<p>En 2010, ORLAN fue nombrado Caballero de la Orden Nacional del M\u00e9rito y recibi\u00f3 la medalla de manos de Fr\u00e9deric Mitterrand, entonces Ministro de Cultura.<\/p>\n<p>En 2007, durante la retrospectiva de su obra en el Museo de Arte Moderno de su ciudad natal, Saint-\u00c9tienne, ORLAN recibi\u00f3 la Medalla de Oro de Saint-\u00c9tienne y la Medalla de Bronce de Saint-\u00c9tienne M\u00e9tropole.<\/p>\n<p>En 2004 gan\u00f3 el primer premio del Festival de Fotograf\u00eda de Mosc\u00fa (Rusia).<\/p>\n<p>En 2003, ORLAN fue nombrado Caballero de la Orden de las Artes y las Letras por el Ministerio de Cultura franc\u00e9s. La medalla fue entregada por Jean-Jacques Aillagon, entonces Ministro de Cultura.<\/p>\n<p>En 1999 recibi\u00f3 el Premio Arcimboldo de fotograf\u00eda digital de Hewlett Packard (Francia) y gan\u00f3 el Premio Griffel-Kunst de Hamburgo (Alemania).<\/p>\n<p>En 1993 recibi\u00f3 el Prix Mona Lisa y el Prix Lavoisier (Francia).<\/p>\n<p>En 1989 y 1992 recibi\u00f3 dos becas del FIACRE (Fonds d&#8217;Innovation Artistique et Culturelle en Rh\u00f4ne-Alpes) para su investigaci\u00f3n y residencia en Chennai (antigua Madr\u00e1s, India).<\/p>\n<p>En 1967 recibi\u00f3 el Primer Premio de la &#8220;Bourse du Travail&#8221; de Saint-\u00c9tienne (Francia).<\/p>\n<p><strong>3. RESIDENCIAS ART\u00cdSTICAS<\/strong><\/p>\n<p>En 2016, ORLAN fue invitado por el Getty Research Institute de Los \u00c1ngeles, CA (EE.UU.) a participar en su Programa de Investigaci\u00f3n y Residencia de Becarios.<\/p>\n<p>En 2008 tambi\u00e9n fue invitada a SymbioticA, el laboratorio de investigaci\u00f3n colaborativa sobre arte y ciencia de la Universidad de Australia Occidental en Perth (Australia).<\/p>\n<p>En 2007 fue invitada por el Getty Institute de Los \u00c1ngeles (EE.UU.) para participar en su Programa de Investigaci\u00f3n y Residencia de Becarios.<\/p>\n<p>En 2005, ORLAN fue invitada al ISCP (International Studio and Curatorial Program) de Nueva York (EE.UU.), patrocinado por la AFAA (Association Fran\u00e7aise d&#8217;Action Artistique).<\/p>\n<p><strong>4. COMISIONES P\u00daBLICAS<\/strong><\/p>\n<p><strong>ORLAN realiz\u00f3 dos grandes instalaciones para :<\/strong><\/p>\n<p>Facultad de Medicina de la Universidad de Nantes, Francia.<\/p>\n<p>Biblioteca M\u00e9dica de la Universidad de Nantes, Francia.<\/p>\n<p><strong>5. PRINCIPALES RETROSPECTIVAS<\/strong><\/p>\n<p><strong>Se han dedicado varias retrospectivas a ORLAN:<\/strong><\/p>\n<p>Mus\u00e9e de la Photographie (MEP), <em>ORLAN EN CAPITALES&nbsp;<\/em>en Par\u00eds (Francia) comisariada por J\u00e9r\u00f4me Neutres (2017)<\/p>\n<p>Museo de Arte Contempor\u00e1neo<em>, <\/em>MACRO,<em> Retrospectiva de ORLAN<\/em> en Roma (Italia), comisariada por: Alessandra Mammi (2017).<\/p>\n<p><em>Museo de Arte de Sungkok<\/em>, <em>Retrospectiva ORLAN-Techno-Body 1966-2016<\/em> en Se\u00fal (Rep\u00fablica de Corea), comisariada por Soukyoun Lee (2016).<\/p>\n<p>FRAC Normandie, <em>ORLAN HOY<\/em> en Caen (Francia), comisariado por Sylvie Froux (2016).<\/p>\n<p>Museo de Arte Moderno de Bogot\u00e1, <em>ORLAN \/ Hybridaciones y Refiguraciones&nbsp;<\/em>en Bogot\u00e1 (Colombia) comisariada por Ricardo Arcos-Palma (2012)<\/p>\n<p>Museum van Hedendaagse Kunst, M HKA,&nbsp;<em>MesuRages (1968-2012)<\/em> Acci\u00f3n: ORLAN-body en Amberes (B\u00e9lgica) comisariada por Bart de Baere (2012)<\/p>\n<p>Galer\u00eda Prometeo, <em>ORLAN AAKA ORLAN<\/em> en Mil\u00e1n (Italia), comisariada por Eugenio Viola (2010).<\/p>\n<p>Sala de Arte de Tallin, <em>ORLAN: Post Identity Strategies <\/em>in Tallinn (Estonia), comisariada por Eugenio Viola (2008).<\/p>\n<p>Museo de Arte Moderno de Saint-Etienne, <em>Le R\u00e9cit, retrospectiva <\/em>en Saint-Etienne (Francia), comisariada por Lorand Hegyi y Eugenio Viola (2007).<\/p>\n<p>CCC (Centro de Creaci\u00f3n Contempor\u00e1nea),&nbsp;<em>ORLAN<\/em>, en Tours (Francia), comisariada por Alain Julien-Laferri\u00e8re (2004).<\/p>\n<p>Centro Nacional de Fotograf\u00eda (CNP),&nbsp;<em>ORLAN 1964-2004. . . M\u00e9todos del artista, exposici\u00f3n retrospectiva<\/em>  en Par\u00eds (Francia), comisariada por Regis Durand (2004).<\/p>\n<p>FRAC Pa\u00edses del Loira,&nbsp;<em>\u00c9l\u00e9ments favoris, retrospectiva<\/em>&nbsp;en Nantes (Francia), comisariada por Jean Fran\u00e7ois Taddei (2002).<\/p>\n<p>Centro de Fotograf\u00eda, Universidad de Salamanca, <em>Retrospectiva 1964-2001 <\/em>en Salamanca (Espa\u00f1a) comisariada por Olga Guinot (2002)<\/p>\n<p><strong>6. BIENALES<\/strong><\/p>\n<p><strong>La obra de ORLAN ha participado en varias Bienales de Arte Contempor\u00e1neo: <\/strong><\/p>\n<p>En Francia, en Enghien-les-bains, en los Bains Num\u00e9riques (2018);<\/p>\n<p>En Ucrania, en la Internacional de Kiev (2017);<\/p>\n<p>En Pakist\u00e1n, en la Bienal de Karachi (2017);<\/p>\n<p>En Per\u00fa en la Bienal de Lima (2016);<\/p>\n<p>En Senegal en la Bienal de Dakar (2016);<\/p>\n<p>En Mali, en la Bienal de Bamako (2015);<\/p>\n<p>En Italia, en la Bienal de Venecia (1986, 1993, 1997, 2007, 2009, 2013, 2017);<\/p>\n<p>En Grecia, en la Bienal de Sal\u00f3nica (2011);<\/p>\n<p>En Rusia, en la Bienal de Mosc\u00fa (2004, 2009);<\/p>\n<p>En Polonia, en la Bienal de Poznan (2008);<\/p>\n<p>En Corea del Sur, en la Bienal de Busan (2016, 2008) y en la Bienal de Changwon (2016);<\/p>\n<p>In Australie en la Bienal de S\u00eddney (1992); Bienal de Artes Electr\u00f3nicas Perth Stillness (2007);<\/p>\n<p>En Espa\u00f1a, en la Bienal de Valencia (2003);<\/p>\n<p>En Turqu\u00eda, en la Bienal de Estambul (2001);<\/p>\n<p>En Francia, en la Bienal FIAC de Par\u00eds (1975, 1980), Bienal de Niza (1981)<\/p>\n<p>En Francia, en la Bienal de Lyon (1995, 2000);<\/p>\n<p>En Yugoslavia, en la Bienal de Liubliana (1987).<\/p>\n<p><strong>7. LUGARES DE EXPOSICI\u00d3N<\/strong><\/p>\n<p><strong>La obra de ORLAN ha participado en varias exposiciones en todo el mundo.  <\/strong><\/p>\n<p><strong>En Francia :<\/strong>  Centre Georges Pompidou, Palais de Tokyo, Mus\u00e9e d&#8217;Orsay, Maison Europ\u00e9enne de la Photographie, Centre National de la Photographie, Mus\u00e9e Bourdelle (Par\u00eds), Centre de Cr\u00e9ation Contemporaine (CCC) de Tours, Mus\u00e9e d&#8217;art contemporain de Marseille, Mus\u00e9e des Beaux-Arts de Nantes, Mus\u00e9e du Nouveau Monde La Rochelle, Mus\u00e9e d&#8217;Art Moderne de Saint-\u00c9tienne, Villa Arson, Niza, etc&#8230;<\/p>\n<p><strong>En EE.UU.:<\/strong> Andy Warhol Museum, Pittsburgh, PA; LACMA y MOCA, Los \u00c1ngeles, CA; PS1, Nueva York, NY; Bass Museum, Miami, FL; Schmidt Center Gallery Public Space of Florida Atlantic University, Boca Rat\u00f3n, FL; Mildred Lane Kemper Art Museum, Saint-Louis, MO; Sheldon Museum, Lincoln, NE, etc&#8230;<\/p>\n<p><strong>En Canad\u00e1:<\/strong> Art Galerie de Vancouver, Le lieu, Quebec, MacLuhan Science Center, Toronto.<\/p>\n<p><strong>En Colombia :<\/strong> Museo de Arte Moderno de Bogot\u00e1; Academia Superior de Artes de Bogot\u00e1; Museo de Antioquia, Medell\u00edn<\/p>\n<p><strong>En B\u00e9lgica:<\/strong> Museum aan der Stroom, Amberes; M HKA Museum, Amberes; Mus\u00e9e d&#8217;Art et d&#8217;histoire de Lessines.<\/p>\n<p><strong>En Italia:<\/strong> Museo MADRE, N\u00e1poles; Palazzo Strozzi, Florencia; Palazzo delle Esposizioni, Roma; Palazzo Grassi y Palazzo Franchetti, Venecia; Museo D&#8217;Arte Moderna e Contemporanea di Trento e Rovereto, Rovereto.<\/p>\n<p><strong>En Alemania:<\/strong> Gem\u00e4ldegalerie, Berl\u00edn; Kunstmuseum, Ahlen; Instituto KW de Arte Contempor\u00e1neo, Berl\u00edn; St\u00e4dtische Galerie, Karlsruhe; Kunstraum Dreieich, Fr\u00e1ncfort.<\/p>\n<p><strong>En Austria:<\/strong> Kunsthalle y MAK, Viena.<\/p>\n<p><strong>En Luxemburgo:<\/strong> Casino Luxembourg.<\/p>\n<p><strong>En Espa\u00f1a:<\/strong> Fundaci\u00f3n Joan Mir\u00f3, Barcelona; Museo Artium, Vitoria; Museo de la Fotograf\u00eda, Salamanca; MACBA, Madrid.<\/p>\n<p><strong>En Suiza:<\/strong> Mus\u00e9e de l&#8217;Elys\u00e9e, Lausana.<\/p>\n<p><strong>En Rusia:<\/strong> Maison de la Photographie, Laboratoria Art&amp;Science Space y Manege, Mosc\u00fa.<\/p>\n<p><strong>En Corea del Sur&nbsp;<\/strong>: Museo Nacional de Arte Contempor\u00e1neo, Se\u00fal; Museo de Busan, Busan ; Museo de Arte de Daejeon, Daejeon; Museo Sungkok, Se\u00fal.<\/p>\n<p><strong>En Jap\u00f3n:<\/strong> Red Brick Warehouse, Yokohama; Museo Nacional de Arte, Osaka.<\/p>\n<p><strong>8. CONFERENCIAS Y CLASES MAGISTRALES<\/strong><\/p>\n<p>ORLAN imparti\u00f3 clases en el Art Center College of Design de Pasadena (CA, EE.UU.).<\/p>\n<p>Tambi\u00e9n fue profesora en la \u00c9cole Nationale Sup\u00e9rieure d&#8217;Arts de Paris-Cergy (ENSAPC).<\/p>\n<p><strong>Es invitada regularmente por universidades e instituciones de todo el mundo para dar conferencias y clases magistrales, como :<\/strong><\/p>\n<p><strong>U.S.A :<\/strong>  Florida Atlantic University (Boca Rat\u00f3n, FL), University of South Florida (San Petersburgo, FL), University of Nebraska (Lincoln, NE), New York University, Standford University (San Francisco, CA), University of California (Santa B\u00e1rbara, CA), Otis College of Art and Design (Los \u00c1ngeles,CA), Getty Research Institute (Los \u00c1ngeles, CA), CalArts (Valencia, CA).<\/p>\n<p><strong>Francia<\/strong>: \u00c9cole Nationale des Beaux Arts, ENSBA (Par\u00eds, Dijon, Lyon, Marsella, Grenoble, Saint-\u00c9tienne, Nantes, Niza, Toulouse, etc.), Universidad de la Sorbona (Par\u00eds), Sciences Po (Par\u00eds).<\/p>\n<p><strong>En el Reino Unido:<\/strong> Intelligence Square Institute, ICA (Instituto de Arte Contempor\u00e1neo), Londres; Universidad de Nottingham.<\/p>\n<p><strong>En Alemania:<\/strong> Academia de Arte de Berl\u00edn, Universidad de Bellas Artes de Hamburgo.<\/p>\n<p><strong>En Australia:<\/strong> Facultad de Bellas Artes de la Universidad de Nueva Gales del Sur.<\/p>\n<p>Tambi\u00e9n ha impartido clases en Corea del Sur, Canad\u00e1, Espa\u00f1a, Polonia, Letonia, Suecia, Austria, etc.<\/p>\n<p><strong>9. COLECCIONES P\u00daBLICAS Y PRIVADAS<\/strong><\/p>\n<p><strong>El Centro Pompidou (Par\u00eds, Francia) ha seleccionado &#8220;El beso del artista&#8221; (1977) de ORLAN, de las colecciones del MNAM, para que aparezca en su libro &#8220;100 obras maestras del siglo XX&#8221;. Sus obras forman parte de varias colecciones p\u00fablicas y privadas, como&nbsp;:<\/strong><\/p>\n<p><strong>En Europa:<\/strong> Centre Georges Pompidou, Maison Europ\u00e9enne de la Photographie (Par\u00eds)&nbsp;Mus\u00e9e de la Photo de Bi\u00e8vre, Mus\u00e9e d&#8217;Epinal, Mus\u00e9e du Nouveau Monde de La Rochelle, Mus\u00e9e d&#8217;Art Moderne de Saint-Etienne, Mus\u00e9e des Beaux-Arts de Nantes, FNAC (Fondo Nacional de Arte Contempor\u00e1neo), FRAC (Fondo Regional de Arte Contempor\u00e1neo) de FRAC Pays de la Loire, FRAC Ile-de-France, FRAC Rh\u00f4ne-Alpes, FRAC Basse-Normandie, Arthot\u00e8que la R\u00e9union, MHKA (Amberes, B\u00e9lgica), etc &#8230;<\/p>\n<p><strong>En EE.UU.:<\/strong> MoMa <em>(Museo de Arte Moderno) <\/em>, Nueva York, LACMA, Museo Andy Warhol (Pittsburgh, Pensilvania), Museo Getty, MOCA (Los \u00c1ngeles, California), Fundaci\u00f3n de Arte Frederick R. Weisman (Malib\u00fa, California), Museo de Arte Sheldon (Lincoln, Nebraska).<\/p>\n<p><strong>En Asia:<\/strong> Museo Nacional de Arte (Osaka, Jap\u00f3n), Museo Sungkok (Se\u00fal, Corea del Sur)<\/p>\n<p><strong>En \u00c1frica :<\/strong> Museo Nacional de Mal\u00ed (Bamako, Mal\u00ed), Estaci\u00f3n de Bandjoun (Bandjoun, Camer\u00fan), &#8230;<\/p>\n<p><strong>10. PRINCIPALES MONOGRAF\u00cdAS<\/strong><\/p>\n<p><strong>Las obras de ORLAN se han publicado en un gran n\u00famero de libros, entre ellos varias monograf\u00edas recientes, como :<\/strong><\/p>\n<p>Laurence Devillers, Ariel Kyrou y Virginie Martin, &#8220;ORLANo\u00efde robot hybride avec intelligence artificielle et collective&#8221;, Editions Lienart, Par\u00eds 2018.<\/p>\n<p>J\u00e9r\u00f4me Neutres, Shelley Rice, Tatyana Franck, Jean-Luc Monterosso, &#8220;ORLAN ARTISTE EN CAPITALE&#8221;, \u00c9ditions SKIRA, Par\u00eds, 2016.<\/p>\n<p>Fr\u00e9d\u00e9ric Acquaviva,<em>&#8220;<\/em>ORLAN Exog\u00e8ne&#8221;<em>, <\/em>AcquAvivA, 2017<\/p>\n<p>Domenica Quaranta, &#8220;ORLAN TechnoBody Retrospective 1966-2016&#8221;, \u00c9ditions Scala, Corea del Sur, Francia, 2016.<\/p>\n<p>Moon Soon Park, Soukyoun Lee, Jinsang Yoo, Donatien Grau, Philippe Piguet, Imma Prieto,<br \/>\nDomenica Quaranta, &#8220;ORLAN TechnoBody Retrospective 1966-2016&#8221;, \u00c9ditions Scala, Corea del Sur, Francia, 2016.<\/p>\n<p>Donatien Grau, Jackie-Ruth Meyer, Philippe Piguet, Imma Prieto, Domenico Quaranta, &#8220;ORLAN, Striptease des cellules jusqu&#8217;\u00e0 l&#8217;os&#8221;, Editions Scala, Par\u00eds, 2015.<\/p>\n<p>Inese Baranovska, Catherine Grenier, Dominique Pa\u00efni, Jean-Pierre Rehm; &#8220;ORLAN, el icono del arte contempor\u00e1neo franc\u00e9s&#8221;, Editions Neputns, Riga, Letonia, 2014.<\/p>\n<p>Jos\u00e9 Ignacio Benito Climent, &#8220;El Arte-Carnal en ORLAN, hacia una est\u00e9tica del sacrificio&#8221;, Ediciones Devenir, Madrid, Espa\u00f1a, 2013.<\/p>\n<p>Hubert Besacier, Alain Charre, Bart De Baere, Sophie Gregoir y Win Van Mulders, &#8220;ORLAN mesuRages (1968-2012) actions: ORLAN-body&#8221;, M HKA, Amberes, B\u00e9lgica, 2012.<\/p>\n<p>Ricardo Arcos-Palma, Nicolas Bourriaud y Michael La Chance, &#8220;Art Charnel et Corps Obsol\u00e8te \/ Hybridations et Refigurations&#8221;, Editions Mus\u00e9e Antioquia, Medell\u00edn, Colombia, 2012.<\/p>\n<p>Anne Morelli, Johan Muyle y Pierre-Olivier Rollin, &#8220;Est-ce que vous \u00eates Belge? ORLAN&#8221;, Yellow Now\/ENSAV La Cambre, Bruselas, B\u00e9lgica, 2012.<\/p>\n<p>Blandine Chavanne, Christine Buci-Glucksmann y Camille Morineau, &#8220;Un Boeuf Sur la Langue&#8221;, \u00c9ditions Fage, Lyon, Francia, 2011.<\/p>\n<p>Rhonda K. Garelick y Jorge Daniel Veneciano, Homi K. Bhabha, Michel Serres, Isabel Tejeda, Paul Virilio, Lan Vu y Faboulous Harlequin, &#8220;ORLAN and the patchwork self&#8221;, The University of Nebraska Press, Lincoln, NE, EE.UU., 2010.<\/p>\n<p>Simon Donger, Simon Shepherd, Gianna Bouchard, Christine Buci-Glucksmann, Howard Caygill, Simon Donger, Sander L. Gilman, Markus Hallensleben, Jens Hauser, Dominic Johnson, St\u00e9phane Malysse, Hans-Ulrich Obrist, Catherine Petitgas, Simon Shepherd, Paul Virilio y Sarah Wilson, &#8220;ORLAN, a Hybrid Body of Artworks&#8221;, Routledge Editions, Londres, Reino Unido, 2010.<\/p>\n<p>Raphael Enthoven, Raoul Vaneigem y ORLAN, &#8220;Unions Mixtes, Mariages Libres et Noces Barbares&#8221;, Editions Dilecta, Par\u00eds, Francia, 2010.<\/p>\n<p>Paul Virilio y ORLAN, &#8220;Transgression, transfiguration &#8220;, Editions L&#8217;Une et L&#8217;Autre, Par\u00eds, Francia, 2009.<\/p>\n<p>Joerg Bader, Lorand Hegyi, Marcela Iacub, Donald Kuspit, Peggy Phelan, Eugenio Viola, ORLAN, The Narrative\/Le R\u00e9cit, \u00c9ditions Charta, Mil\u00e1n, Italia, 2007.<\/p>\n<p>Bernard Blist\u00e8ne, Christine Buci-Glucksmann, Caroline Cros, R\u00e9gis Durand, Eleanor Heartney, Laurent Le Bon, Hans Ulrich Obrist, Vivian Rehberg, Julian Zugazagoitia y ORLAN, &#8220;ORLAN, Carnal Art&#8221;, \u00c9ditions Flammarion, Par\u00eds, Francia, 2004.<\/p>\n<p>Marc Partouche, Monographie CD-Rom et Papier, Se placer au centre du monde, ORLAN, Editions J\u00e9riko, 2000.<\/p>\n<p><strong>11. GALER\u00cdAS<\/strong><\/p>\n<p><strong>ORLAN est\u00e1 representada por:<\/strong><\/p>\n<ul>\n<li>Galer\u00eda Ceysson &amp; B\u00e9n\u00e9ti\u00e8re, Par\u00eds (Francia)<\/li>\n<li>Galer\u00eda Prometeo, Mil\u00e1n (Italia)<\/li>\n<li>Galer\u00eda Stux, Nueva York (EE.UU.)<\/li>\n<li>Galer\u00eda Sejul, Se\u00fal (Corea del Sur)<\/li>\n<li>Ace Gallery, Los \u00c1ngeles (EE.UU.)<\/li>\n<li>Galer\u00eda Espaivisor, Valencia (Espa\u00f1a)<\/li>\n<li>Galer\u00eda H\u00e9l\u00e8ne Lamarque, Miami (EE.UU.)<\/li>\n<\/ul>\n<p><strong>12. COLABORACIONES<\/strong><\/p>\n<p><strong>ORLAN ha trabajado<\/strong><\/p>\n<p>en proceso con el artista Bob Wilson<\/p>\n<p>con Fabrice Hyber para el proyecto &#8221;&nbsp;Orlano\u00efde&nbsp;&#8221; con el Instituto Pasteur (2017).<\/p>\n<p>con el artista Jan Fabre en un taller (2017)<\/p>\n<p>con el fot\u00f3grafo Roberto Battistini para &#8221;&nbsp;Hibridaci\u00f3n Serge Gainsbourg y Salvador Dal\u00ed&nbsp;&#8221; (2016)<\/p>\n<p>con la artista Mael Le M\u00e9e por su performance &#8221;&nbsp;Tangible Striptease en Nanos\u00e9quences&nbsp;&#8221; en la Universidad Paris-Diderot (2016) y el CDA Enghien-Les-Bains (2016).<\/p>\n<p>con los artistas y m\u00fasicos Chicks On Speed, para la Vinyl Factory &#8211; Soho House (Berl\u00edn, Alemania) (2016).<\/p>\n<p>con el artista Guillaume Paris para el proyecto &#8220;A Winter Story&#8221; en el Shunt de Londres (Reino Unido) (2009)<\/p>\n<p>con el laboratorio SymbioticA de Perth (Australia) por &#8220;Le Manteau d&#8217;Arlequin&#8221; (2008)<\/p>\n<p>con las core\u00f3grafas Karine Saporta en Par\u00eds (2002) y Emio Greco\/PC para el festival de Avi\u00f1\u00f3n (2008)<\/p>\n<p>con el perfumista Christophe Laudamiel, de International Flavors &amp; Fragrances Inc (IFF) para el perfume &#8220;Le Baiser de l&#8217;artiste&#8221; (2007)<\/p>\n<p>con la artista Jan Fabre para su performance &#8220;MesuRage d&#8217;Institution&#8221; en el Troubleyn \/ Laboratorium de Amberes (B\u00e9lgica) (2007)<\/p>\n<p>con el arquitecto Philippe Chiambaretta para &#8220;Pi\u00e8ce Lumineuse&#8221; en el CCC de Tours y en el Palais de Tokyo de Par\u00eds en (2005)<\/p>\n<p>con Fr\u00e9deric Sanchez para la banda sonora original del v\u00eddeo &#8220;Bien que&#8230; Oui mais!&#8221; (2003)<\/p>\n<p>con los m\u00fasicos del grupo Tanger para la banda sonora original del v\u00eddeo &#8220;Le Plan du film&#8221; (2001)<\/p>\n<p>con el director Stephan Oriach en &#8220;ORLAN, arte carnal&#8221; (2001)<\/p>\n<p>con los dise\u00f1adores de moda Walter Van Beirendonck, Jeremy Scott, Maroussia Rebecq de Andrea Crews, Davidelfin y Agatha Ruiz de la Prada<\/p>\n<p>\u00a1con el dise\u00f1ador de moda Walter Van Beirendonck y el fot\u00f3grafo Juergen Teller para el libro Believe! (1998), etc.<\/p>\n<h2 style=\"text-align: center;\">ACCESO DIRECTO AL RESUMEN DE ORLAN<\/h2>\n<p style=\"text-align: justify;\"><strong>&#8220;SOY ORLAN, ENTRE OTRAS COSAS Y EN LA MEDIDA DE LO POSIBLE. MI NOMBRE SE ESCRIBE CADA LETRA EN MAY\u00daSCULAS PORQUE NO QUIERO QUE ME HAGAN ENCAJAR, NO QUIERO QUE ME HAGAN ENCAJAR&#8221;.<\/strong><\/p>\n<p style=\"text-align: justify;\"><strong>1. PR\u00c1CTICAS ART\u00cdSTICAS<\/strong><\/p>\n<p style=\"text-align: justify;\">ORLAN es uno de los artistas franceses con mayor proyecci\u00f3n internacional.  <span style=\"font-weight: 400;\">No est\u00e1 vinculada a ning\u00fan material, tecnolog\u00eda o pr\u00e1ctica art\u00edstica en particular.&nbsp;<\/span>Utiliza la escultura, la fotograf\u00eda, la performance, el v\u00eddeo, el 3D, los videojuegos, la realidad aumentada, Internet y otros medios.<span style=\"font-weight: 400;\">inteligencia artificial y rob\u00f3tica (ha creado un robot a su imagen y semejanza que habla con su voz)<\/span>&nbsp;as\u00ed como t\u00e9cnicas cient\u00edficas y m\u00e9dicas como la cirug\u00eda y la biotecnolog\u00eda.&nbsp;ORLAN cambia constante y radicalmente los datos, trastornando las convenciones y el pensamiento preconcebido. Se opone al determinismo natural, social y pol\u00edtico, a todas las formas de dominaci\u00f3n, a la supremac\u00eda masculina, a la religi\u00f3n, a la segregaci\u00f3n cultural, al racismo&#8230; Siempre mezclado con humor, a veces con parodia o incluso con lo grotesco, su obra provocativa puede escandalizar porque trastorna los c\u00f3digos preestablecidos. ORLAN recibi\u00f3 el premio E-reputation al artista m\u00e1s observado y comentado en la red. Su obra es de gran actualidad art\u00edstica y social.<\/p>\n<p style=\"text-align: justify;\">Desde los a\u00f1os 60, ORLAN cuestiona el estatus del cuerpo y las presiones pol\u00edticas, religiosas y sociales que se imponen sobre \u00e9l, en particular sobre el cuerpo de la mujer. Su compromiso, libertad y feminismo son parte integrante de su obra visual, en la que defiende posturas innovadoras, cuestionadoras y subversivas. ORLAN cambia constante y radicalmente los datos, trastornando las convenciones y el pensamiento preconcebido.<\/p>\n<p style=\"text-align: justify;\">Ha optado por cuestionar la fatalidad gen\u00e9tica y los c\u00e1nones est\u00e9ticos asignados a la mujer en nuestra sociedad, en el Barroco y en las culturas tradicionales africana, precolombina, india y china, explorando simult\u00e1neamente sus realidades f\u00edsica, sensible y virtual mediante las t\u00e9cnicas cient\u00edficas, biol\u00f3gicas e inform\u00e1ticas m\u00e1s contempor\u00e1neas, como la cirug\u00eda y la biotecnolog\u00eda. Para el artista s\u00f3lo son medios, la idea es lo primero, la materialidad le sigue.<\/p>\n<p>&nbsp;<\/p>\n<p style=\"text-align: justify;\"><strong>2. CONDECORACIONES, PREMIOS, BECAS Y DISTINCIONES<\/strong><\/p>\n<p><strong>ORLAN ha recibido varios galardones y premios&nbsp;a lo largo de su carrera:<\/strong><\/p>\n<p>En 2020, ORLAN fue nombrada Presidenta de Hundred Heroines (Londres).<\/p>\n<p>En 2019, ORLAN fue galardonado con el Maestro Academico Emerito por la Academia Di Belle Arti Di Roma, entregado por la directora de la Academia, Tiziana D&#8217;Acchille.<\/p>\n<p>En 2019, ORLAN recibi\u00f3 el premio especial a la Mujer del A\u00f1o otorgado por el Pr\u00edncipe de Monte-Carlo (M\u00f3naco).<\/p>\n<p>En 2018, ORLAN recibi\u00f3 el premio Cien Hero\u00ednas de la Fotograf\u00eda de la Real Sociedad Fotogr\u00e1fica en Paris Photo (Par\u00eds).<\/p>\n<p align=\"JUSTIFY\">En 2017, ORLAN recibi\u00f3 el Grand Prix International de l&#8217;Excellence F\u00e9minine del Ministerio de Asuntos Internacionales de G\u00e9nova (Italia).<\/p>\n<p align=\"JUSTIFY\">En 2013, ORLAN fue galardonado con el Grand Prix de l&#8217;E-REPUTATION, 1er artista visual, medalla entregada por Alexia Gugg\u00e9mos en Christie&#8217;s Par\u00eds.<\/p>\n<p style=\"text-align: justify;\">En 2010, ORLAN fue nombrado Caballero de la Orden Nacional del M\u00e9rito por el Ministro de Cultura franc\u00e9s, Fr\u00e9d\u00e9ric Mitterrand.<\/p>\n<p>En 2007, con motivo de su retrospectiva en el Museo de Arte Moderno de Saint-Etienne, ORLAN recibi\u00f3 la Medalla de Oro de Saint-Etienne, su ciudad natal.<\/p>\n<p>En 2004, primer premio en el Festival de Fotograf\u00eda de Mosc\u00fa, Rusia.<\/p>\n<p style=\"text-align: justify;\">En 2003, ORLAN fue nombrado Caballero de la Orden de las Artes y las Letras (Ministerio de Cultura), medalla concedida por Jean-Jacques Aillagon, entonces Ministro de Cultura.<\/p>\n<p align=\"JUSTIFY\">En 1999, premio Arcimboldo por su trabajo en fotograf\u00eda digital de Hewlett Packard, Francia, premio Griffel-Kunst de Hamburgo, Alemania.<\/p>\n<p align=\"JUSTIFY\">En 1993, Premio Mona Lisa y Premio Lavoisier, Francia.<\/p>\n<p align=\"JUSTIFY\">En 1989 y 1992, recibi\u00f3 dos becas FIACRE para su investigaci\u00f3n en residencia en Madr\u00e1s (antes Chennai), India.<\/p>\n<p align=\"JUSTIFY\">En 1967, primer premio en la Bourse du Travail de Saint-Etienne, Francia.<\/p>\n<p style=\"text-align: justify;\"><strong>3. RESIDENCIA DE ARTISTAS<\/strong><\/p>\n<p style=\"text-align: justify;\">En 2005, ORLAN fue invitado al ISCP (Estudio y programa internacional patrocinado por la AFAA) en Nueva York (NY, EE.UU.).<\/p>\n<p style=\"text-align: justify;\">En 2006, fue invitada como artista residente en el Getty Research Institute de Los \u00c1ngeles (CA, EE.UU.).<\/p>\n<p style=\"text-align: justify;\">En 2007, fue invitada por SymbioticA, el Laboratorio de Investigaci\u00f3n Colaborativa sobre Arte y Ciencia de la Universidad de Australia Occidental en Perth (Australia).<\/p>\n<p style=\"text-align: justify;\"><strong><br \/>\n4. \u00d3RDENES P\u00daBLICAS<\/strong><\/p>\n<p style=\"text-align: justify;\">ORLAN realiz\u00f3 instalaciones de gran envergadura para los nuevos edificios de la Facultad de Medicina y Farmacia y para la Biblioteca Universitaria de Salud de la Universidad de Nantes, en la ciudad de Nantes (Francia), en el marco de un encargo p\u00fablico.<\/p>\n<p style=\"text-align: justify;\"><strong><br \/>\n5. PRINCIPALES RETROSPECTIVAS<\/strong><\/p>\n<p style=\"text-align: justify;\"><strong>Se han dedicado varias retrospectivas a ORLAN:<\/strong><\/p>\n<p>Maison Europ\u00e9enne de la Photographie, <em>ORLAN EN CAPITALES <\/em>en Par\u00eds (Francia), comisariada por J\u00e9r\u00f4me Neutres (2017).<\/p>\n<p>Museo de Arte Contempor\u00e1neo<em>, MACRO, Retrospectiva de ORLAN<\/em> en Roma (Italia), comisariada por Alessandra Mammi (2017).<\/p>\n<p>Alianza Francesa de Buenos Aires, <em>Autorretratos H\u00edbridos <\/em>en Buenos Aires (Argentina), comisariada por Caroline Coll (2017).<\/p>\n<p><em>Museo de Arte de Sungkok<\/em>, <em>Retrospectiva ORLAN-Techno-Body 1966-2016<\/em> en Se\u00fal (Corea), comisariada por Soukyoun Lee (2016).<\/p>\n<p>FRAC Normandie, <em>ORLAN HOY<\/em> en Caen (Francia), comisariado por Sylvie Froux (2016).<\/p>\n<p>Museo de Arte Moderno de Bogot\u00e1, <em>ORLAN \/ Hybridaciones y Refiguraciones <\/em>en Bogot\u00e1 (Colombia) , comisario: Ricardo Arcos-Palma (2012)<\/p>\n<p>Museum van Hedendaagse Kunst, M HKA,&nbsp;<em>MesuRages (1968-2012)<\/em> Acci\u00f3n: ORLAN-body en Amberes (B\u00e9lgica), comisario: Bart de Baere (2012)<\/p>\n<p>Galer\u00eda Prometeo, <em>ORLAN AAKA ORLAN<\/em> en Mil\u00e1n (Italia), comisariada por Eugenio Viola (2010).<\/p>\n<p>Sala de Arte de Tallin, <em>ORLAN: Post Identity Strategies <\/em>in Tallinn (Estonia), comisariada por Eugenio Viola (2008).<\/p>\n<p>Museo de Arte Moderno de Saint-Etienne, <em>Le R\u00e9cit, retrospectiva <\/em>en Saint-Etienne (Francia), comisariada por Lorand Hegyi y Eugenio Viola (2007).<\/p>\n<p>CCC (Centro de Creaci\u00f3n Contempor\u00e1nea),&nbsp;<em>ORLAN<\/em>, en Tours (Francia), comisariada por Alain Julien-Laferri\u00e8re (2004).<\/p>\n<p>Centro Nacional de Fotograf\u00eda (CNP),&nbsp;<em>ORLAN 1964-2004. . . Los m\u00e9todos del artista, exposici\u00f3n retrospectiva  <\/em>en Par\u00eds (Francia), comisariada por Regis Durand (2004).<\/p>\n<p>FRAC Pa\u00edses del Loira,&nbsp;<em>\u00c9l\u00e9ments favoris, retrospectiva<\/em> en Nantes (Francia), comisariada por Jean Fran\u00e7ois Taddei (2002).<\/p>\n<p>Centro de Fotograf\u00eda, Universidad de Salamanca, <em>Retrospectiva 1964-2001 en<\/em> Salamanqua (Espa\u00f1a)&nbsp;comisaria: Olga Guinot (2002)<\/p>\n<p><strong>6. BIENALES<\/strong><\/p>\n<p style=\"text-align: left;\"><strong>La obra de ORLAN se ha expuesto en varias bienales de arte contempor\u00e1neo:<\/strong><\/p>\n<p>En Ucrania, en la Bienal de Kiev (2017);<\/p>\n<p style=\"text-align: justify;\">En Australia, en la Bienal de S\u00eddney&nbsp;(1992); Electronic Arts&nbsp;Perth (2007);<\/p>\n<p style=\"text-align: justify;\">En Francia, en la Bienal de&nbsp;Par\u00eds (1975, 1980), Niza (1981) y Lyon (1995, 2000);<\/p>\n<p style=\"text-align: justify;\">En Grecia, en la Bienal de Sal\u00f3nica&nbsp;(2011);<\/p>\n<p style=\"text-align: justify;\">En Italia, en la Bienal de Venecia (1986, 1993, 1997, 2007, 2009, 2013, 2017);<\/p>\n<p style=\"text-align: justify;\">En Mali, en la&nbsp;Bienal de Bamako (2015);<\/p>\n<p style=\"text-align: justify;\">En Pakist\u00e1n, en la Bienal de Karachi&nbsp;(2017);<\/p>\n<p style=\"text-align: justify;\">En Per\u00fa en la Bienal de Lima&nbsp;(2016);<\/p>\n<p style=\"text-align: justify;\">En Polonia, en la&nbsp;Bienal de Poznan (2008);<\/p>\n<p style=\"text-align: justify;\">En Rusia, en la Bienal de Mosc\u00fa&nbsp;(2004, 2009);<\/p>\n<p style=\"text-align: justify;\">En Senegal en la&nbsp;Bienal de Dakar (2016);<\/p>\n<p style=\"text-align: justify;\">En Corea del Sur, en la&nbsp;Bienal de Busan &nbsp;(2008);<\/p>\n<p style=\"text-align: justify;\">En Espa\u00f1a, en la Bienal de Valencia&nbsp;(2003);<\/p>\n<p style=\"text-align: justify;\">En Turqu\u00eda, en la Bienal de Estambul (2001);<\/p>\n<p style=\"text-align: justify;\">En Yugoslavia, en la Bienal de Liubliana&nbsp;(1987).<\/p>\n<p style=\"text-align: justify;\"><strong>7. RECINTOS FERIALES<\/strong><\/p>\n<p style=\"text-align: justify;\"><strong>La obra de ORLAN se ha expuesto en numerosas instituciones.<\/strong><\/p>\n<p style=\"text-align: justify;\"><strong>En Francia&nbsp;<\/strong>: en el Centre Georges Pompidou, el Palais de Tokyo, el Mus\u00e9e d&#8217;Orsay, la Maison Europ\u00e9enne de la Photographie y el Centre National de la Photographie, Par\u00eds ; en el Mus\u00e9e des Beaux-Arts de Nantes&nbsp;; en el Mus\u00e9e du Nouveau Monde, La Rochelle&nbsp;; en el Mus\u00e9e d&#8217;Art Moderne de Saint-\u00c9tienne&#8230;<\/p>\n<p style=\"text-align: justify;\"><strong>En Estados Unidos&nbsp;<\/strong>: MoMa (Museum of Modern Art)<em>, <\/em>Nueva-York, Andy Warhol Museum, Pittsburgh, PA&nbsp;; LACMA y MOCA, Los Angeles, CA&nbsp;; PS1, Nueva-York ; Bass Museum, Miami, FL&nbsp;; Schmidt Center Gallery Public Space of Florida Atlantic University, Boca Raton, FL&nbsp;; Mildred Lane Kemper Art Museum, Saint-Louis, MO&nbsp;; Sheldon Museum, Lincoln, NE.<\/p>\n<p style=\"text-align: justify;\"><strong>En Canad\u00e1&nbsp;:<\/strong> Art Galerie de Vancouver, BC.<\/p>\n<p style=\"text-align: justify;\"><strong>En Colombia:<\/strong> Museo de Arte Moderno de Bogot\u00e1 Academia Superior de Artes de Bogot\u00e1&nbsp;; Museo de Antioquia, Medell\u00edn.<\/p>\n<p style=\"text-align: justify;\"><strong>En B\u00e9lgica&nbsp;:<\/strong> M HKA Museum, Amberes&nbsp;; Mus\u00e9e d&#8217;Art et d&#8217;Histoire, Lessines.<\/p>\n<p style=\"text-align: justify;\"><strong>En Italia&nbsp;:<\/strong> Museo MADRE, N\u00e1poles&nbsp;; Palazzo Strozzi, Florencia&nbsp;; Palazzo delle Esposizioni, Roma&nbsp;; Palazzo Grassi y Palazzo Franchetti, Venecia.<\/p>\n<p style=\"text-align: justify;\"><strong>En Alemania&nbsp;<\/strong>: Gem\u00e4ldegalerie, Berl\u00edn ; KW Institute for Contemporary Art, Berl\u00edn&nbsp;; Kunstmuseum, Ahlen&nbsp;; St\u00e4dtische Galerie, Karlsruhe&nbsp;; Kunstraum Dreieich, Fr\u00e1ncfort&nbsp;; Kunsthalle, Hamburgo.<\/p>\n<p style=\"text-align: justify;\"><strong>En Austria&nbsp;:<\/strong> Kunsthalle y MAK, Viena.<\/p>\n<p style=\"text-align: justify;\"><strong>En Luxemburgo&nbsp;<\/strong>: Casino Luxembourg.<\/p>\n<p style=\"text-align: justify;\"><strong>En Espa\u00f1a&nbsp;:<\/strong> Fundaci\u00f3n Joan Mir\u00f3, Barcelona&nbsp;; Museo Artium, Vitoria&nbsp;; Museo de la Fotograf\u00eda, Salamanca&nbsp;; MACBA, Madrid.<\/p>\n<p style=\"text-align: justify;\"><strong>En Suiza&nbsp;:<\/strong> Museo del El\u00edseo, Lausana.<\/p>\n<p style=\"text-align: justify;\"><strong>En Rusia&nbsp;:<\/strong> Casa de la Fotograf\u00eda de Mosc\u00fa (MAMM), Laboratoria Art&amp;Science Space y Le Man\u00e8ge, Mosc\u00fa.<\/p>\n<p style=\"text-align: justify;\"><strong>En Corea del Sur&nbsp;:<\/strong> Museo Nacional de Arte Contempor\u00e1neo, Se\u00fal; Museo Sungkok, Se\u00fal; Museo de Arte de Daejeon, Daejeon; Museo de Busan, Busan.<\/p>\n<p style=\"text-align: justify;\"><strong>En Jap\u00f3n&nbsp;:<\/strong> Red Brick Warehouse, Yokohama&nbsp;; Museo Nacional de Bellas Artes, Osaka.<\/p>\n<p style=\"text-align: justify;\"><strong><br \/>\n8. SEMINARIOS Y CLASES MAGISTRALES<\/strong><\/p>\n<p style=\"text-align: justify;\">ORLAN ha impartido clases en el Art Center College of Design de Pasadena (California, EE.UU.). Tambi\u00e9n ha impartido clases en la Escuela Nacional Superior de Arte de Par\u00eds-Cergy (ENSAPC).<\/p>\n<p style=\"text-align: justify;\"><strong>Es invitada regularmente por universidades e instituciones internacionales para impartir seminarios y clases magistrales, entre ellas :<\/strong><\/p>\n<p style=\"text-align: justify;\"><strong>Francia:<\/strong> \u00c9cole Nationale des Beaux Arts, ENSBA (Par\u00eds, Dijon, Lyon, Marsella, Grenoble, Saint-\u00c9tienne, Nantes, Niza, Toulouse, etc.), Universidad de la Sorbona (Par\u00eds), Sciences Po (Par\u00eds).<\/p>\n<p style=\"text-align: justify;\"><strong>Estados Unidos:<\/strong>  Florida Atlantic University (Boca Rat\u00f3n, FL), University of South Florida (San Petersburgo, FL), University of Nebraska (Lincoln, NE), New York University, Standford University (San Francisco, CA), University of California (Santa B\u00e1rbara, CA), Otis College of Art and Design (Los \u00c1ngeles,CA), Getty Research Institute (Los \u00c1ngeles, CA), CalArts (Valencia, CA).<\/p>\n<p style=\"text-align: justify;\"><strong>Gran Breta\u00f1a:<\/strong> Intelligence Square Institute, ICA (Instituto de Arte Contempor\u00e1neo), Londres; Universidad de Nottingham.<\/p>\n<p style=\"text-align: justify;\"><strong>Alemania:<\/strong> Academia de Arte de Berl\u00edn, Universidad de Bellas Artes de Hamburgo.<\/p>\n<p style=\"text-align: justify;\"><strong>Australia:<\/strong> Facultad de Bellas Artes de la Universidad de Nueva Gales del Sur.<\/p>\n<p style=\"text-align: justify;\">Otros son Corea, Canad\u00e1 (Toronto, Vancouver), Australia, Espa\u00f1a, Polonia, Letonia&#8230;<\/p>\n<p style=\"text-align: justify;\"><strong>9. COLECCIONES P\u00daBLICAS Y PRIVADAS<\/strong><\/p>\n<p style=\"text-align: justify;\"><strong>Sus obras figuran en numerosas colecciones privadas y p\u00fablicas.<\/strong><\/p>\n<p style=\"text-align: justify;\"><strong>En Francia&nbsp;:<\/strong>  El Centre Georges Pompidou, la Maison Europ\u00e9enne de la Photographie, el Fond National d&#8217;Art Contemporain (Par\u00eds), el Fond R\u00e9gional d&#8217;Art Contemporain FRAC Pays de la Loire, FRAC \u00cele-de-France, FRAC Rh\u00f4ne-Alpes y FRAC Basse-Normandie, el Mus\u00e9e de la Photo de Bi\u00e8vre, el Mus\u00e9e d&#8217;\u00c9pinal, el Mus\u00e9e du Nouveau Monde de (La Rochelle), el Mus\u00e9e d&#8217;Art Moderne de Saint-Etienne, el Mus\u00e9e des Beaux-Arts de Nantes.<\/p>\n<p style=\"text-align: justify;\"><strong>Estados Unidos&nbsp;<\/strong>: LACMA County Museum of Art, The Getty Museum, MOCA (Los \u00c1ngeles, CA), Frederick R. Weisman Art Foundation (Malib\u00fa, CA), Sheldon Museum of Art (Lincoln, NE)<\/p>\n<p style=\"text-align: justify;\"><strong>Jap\u00f3n&nbsp;:<\/strong> Museo Nacional de Arte (Osaka)<\/p>\n<p style=\"text-align: justify;\">El Centro Pompidou ha seleccionado la obra de ORLAN &#8221;&nbsp;Baiser de l&#8217;Artiste&nbsp;&#8221; (1977) de las colecciones del MNAM para su libro &#8221;&nbsp;100 Chefs d&#8217;oeuvres du XX\u00e8me si\u00e8cle&nbsp;&#8220;.<\/p>\n<p style=\"text-align: justify;\"><strong><br \/>\n10. Principales monograf\u00edas<\/strong><\/p>\n<p style=\"text-align: left;\"><strong>La obra de ORLAN ha aparecido en un gran n\u00famero de libros y monograf\u00edas de reciente publicaci\u00f3n:<\/strong><\/p>\n<p>J\u00e9rome Neutres, Shelley Rice, Tatyana Franck, Jean-Luc Monterosso, &#8220;ORLAN EN CAPITALES&#8221;, Skira, 2017<\/p>\n<p>Fr\u00e9d\u00e9ric Acquaviva,<em>&#8220;<\/em>ORLAN Exog\u00e8ne&#8221;<em>, <\/em>AcquAvivA, 2017<\/p>\n<p style=\"text-align: justify;\">Donatien Grau, Jackie-Ruth Meyer, Philippe Piguet, Imma Prieto, Domenico Quaranta, &#8221;&nbsp;ORLAN, Striptease des cellules jusqu&#8217;\u00e0 l&#8217;os&nbsp;&#8220;, Editions Scala, Par\u00eds, 2015.<\/p>\n<p style=\"text-align: justify;\">Inese Baranovska, Catherine Grenier, Dominique Pa\u00efni, Jean-Pierre Rehm; &#8221;&nbsp;ORLAN, The Icon of the French Contemporary Art&nbsp;&#8220;, Editions Neputns, Riga, Letonia, 2014.<\/p>\n<p style=\"text-align: justify;\">Jose Ignacio Benito Climent, &#8221;&nbsp;El Arte-Carnal en ORLAN, hacia una estetica del sacrificio&nbsp;&#8220;, Ediciones Devenir, Madrid, Espa\u00f1a, 2013.<\/p>\n<p style=\"text-align: justify;\">Hubert Besacier, Alain Charre, Bart De Baere, Sophie Gregoir y Win Van Mulders, &#8221;&nbsp;ORLAN mesuRages (1968-2012) actions: ORLAN-body&nbsp;&#8220;, M HKA, Amberes, B\u00e9lgica, 2012.<\/p>\n<p style=\"text-align: justify;\">Ricardo Arcos-Palma, Nicolas Bourriaud y Michael La Chance, &#8221;&nbsp;Art Charnel et Corps Obsol\u00e8te \/ Hybridations et Refigurations&nbsp;&#8220;, Ediciones Museo Antioquia, Medell\u00edn, Colombia, 2012.<\/p>\n<p style=\"text-align: justify;\">Anne Morelli, Johan Muyle y Pierre-Olivier Rollin, &#8221;&nbsp;\u00bfEs usted belga? ORLAN&nbsp;&#8220;, Yellow Now\/ENSAV La Cambre, Bruselas, B\u00e9lgica, 2012.<\/p>\n<p style=\"text-align: justify;\">Blandine Chavanne, Christine Buci-Glucksmann y Camille Morineau, &#8221;&nbsp;Un Boeuf Sur la Langue&nbsp;&#8220;, \u00c9ditions Fage, Lyon, Francia, 2011.<\/p>\n<p style=\"text-align: justify;\">Rhonda K. Garelick y Jorge Daniel Veneciano, Homi K. Bhabha, Michel Serres, Isabel Tejeda, Paul Virilio, Lan Vu y Faboulous Harlequin, &#8221;&nbsp;ORLAN and the patchwork self&nbsp;&#8220;, The University of Nebraska Press, Lincoln, NE, EE.UU., 2010.<\/p>\n<p style=\"text-align: justify;\">Simon Donger, Simon Shepherd, Gianna Bouchard, Christine Buci-Glucksmann, Howard Caygill, Simon Donger, Sander L. Gilman, Markus Hallensleben, Jens Hauser, Dominic Johnson, St\u00e9phane Malysse, Hans-Ulrich Obrist, Catherine Petitgas, Simon Shepherd, Paul Virilio y Sarah Wilson, &#8221;&nbsp;ORLAN, a Hybrid Body of Artworks&nbsp;&#8220;, Routledge Editions, Londres, Reino Unido, 2010.<\/p>\n<p style=\"text-align: justify;\">Raphael Enthoven, Raoul Vaneigem y ORLAN, &#8221;&nbsp;Unions Mixtes, Mariages Libres et Noces Barbares&nbsp;&#8220;, Editions Dilecta, Par\u00eds, Francia, 2010.<\/p>\n<p style=\"text-align: justify;\">Paul Virilio y ORLAN, &#8221;&nbsp;Transgression, transfiguration [conversation]&nbsp;&#8220;, Editions L&#8217;Une et L&#8217;Autre, Par\u00eds, Francia, 2009.<\/p>\n<p style=\"text-align: justify;\">Joerg Bader, Lorand Hegyi, Marcela Iacub, Donald Kuspit, Peggy Phelan, Eugenio Viola, &#8220;ORLAN, The Narrative\/Le R\u00e9cit&nbsp;&#8220;, \u00c9ditions Charta, Mil\u00e1n, Italia, 2007.<\/p>\n<p style=\"text-align: justify;\">Bernard Blist\u00e8ne, Christine Buci-Glucksmann, Caroline Cros, R\u00e9gis Durand, Eleanor Heartney, Laurent Le Bon, Hans Ulrich Obrist, Vivian Rehberg, Julian Zugazagoitia y ORLAN, &#8221;&nbsp;ORLAN, Carnal Art&nbsp;&#8220;, \u00c9ditions Flammarion, Par\u00eds, Francia, 2004.<\/p>\n<p style=\"text-align: justify;\">Marc Partouche, Se placer au centre du monde, ORLAN, Editions J\u00e9riko, 2000.<\/p>\n<p style=\"text-align: justify;\"><strong><br \/>\n11. Galer\u00edas<\/strong><\/p>\n<p style=\"text-align: justify;\"><strong>ORLAN est\u00e1 representada por&nbsp;:<\/strong><\/p>\n<ul style=\"text-align: justify;\">\n<li>Galer\u00eda Ceysson &amp; B\u00e9n\u00e9ti\u00e8re de Par\u00eds (Francia)<\/li>\n<li>Galer\u00eda Prometeo de Mil\u00e1n (Italia)<\/li>\n<li>Galer\u00eda Stux en Nueva York (Estados Unidos)<\/li>\n<li>Galer\u00eda Sejul de Se\u00fal (Corea del Sur)<\/li>\n<li>La Ace Gallery de Los \u00c1ngeles (Estados Unidos)<\/li>\n<li>Galer\u00eda Espaivisor de Valencia (Espa\u00f1a)<\/li>\n<\/ul>\n<p style=\"text-align: justify;\"><strong><br \/>\n12. Colaboraciones<\/strong><\/p>\n<p align=\"JUSTIFY\"><strong>ORLAN ha trabajado con<\/strong><\/p>\n<p align=\"JUSTIFY\">en curso con el artista Bob Wilson<\/p>\n<p align=\"JUSTIFY\">con Fabrice Hyber para el proyecto &#8220;ORLANO\u00cfDE&#8221; con el Instituto Pasteur (2017)&nbsp;;<\/p>\n<p align=\"JUSTIFY\">con el artista Jan Fabre en un taller (2017)<\/p>\n<p align=\"JUSTIFY\">con el fot\u00f3grafo Roberto Battistini para &#8221;&nbsp;Hybridation Serge Gainsbourg et Salvador Dali&nbsp;<strong>&#8221; <\/strong>(2016)<\/p>\n<p align=\"JUSTIFY\">con el artista Mael Le M\u00e9e por su performance &#8221;&nbsp;Tangible Striptease en Nanos\u00e9quences&nbsp;&#8221; en la Universit\u00e9 Paris-Diderot (2016) y el CDA Enghien-Les-Bains (2016).<\/p>\n<p align=\"JUSTIFY\">con los artistas y m\u00fasicos Chicks On Speed, para la Vinyl Factory &#8211; Soho House (Berl\u00edn, Alemania) (2016).<\/p>\n<p align=\"JUSTIFY\">con el artista Guillaume Paris para el proyecto &#8220;A Winter Story&#8221; en el Shunt (Londres, Reino Unido, 2009).<\/p>\n<p align=\"JUSTIFY\">con el laboratorio SymbioticA de Perth (Australia) por &#8220;Le Manteau d&#8217;Arlequin&#8221; (2008)<\/p>\n<p align=\"JUSTIFY\">con los core\u00f3grafos Karine Saporta (Par\u00eds, 2002) y Emio Greco\/PC (Festival de Avi\u00f1\u00f3n, 2008)&nbsp;;<\/p>\n<p align=\"JUSTIFY\">con el perfumista Christophe Laudamiel de International Flavors &amp; Fragrances Inc (IFF) para la fragancia &#8220;Le Baiser de l&#8217;artiste&#8221; (2007)<\/p>\n<p align=\"JUSTIFY\">con el artista de performance Jan Fabre para su performance &#8221;&nbsp;MesuRage d&#8217;Institution&nbsp;&#8221; en Troubleyn \/ Laboratorium (Amberes, B\u00e9lgica, 2007)&nbsp;;<\/p>\n<p align=\"JUSTIFY\">con el arquitecto Philippe Chiambaretta en &#8220;Pi\u00e8ce Lumineuse&#8221; en el CCC de Tours y el Palais de Tokyo de Par\u00eds (2005)&nbsp;;<\/p>\n<p align=\"JUSTIFY\">con Fr\u00e9deric Sanchez para la banda sonora de su v\u00eddeo &#8220;Bien que&#8230; Oui mais !&#8221; (2003)&nbsp;;<\/p>\n<p align=\"JUSTIFY\">con los m\u00fasicos del grupo Tanger para la banda sonora del v\u00eddeo &#8220;Le Plan du film&#8221; (2001)&nbsp;;<\/p>\n<p align=\"JUSTIFY\">con el director Stephan Oriach en &#8221;&nbsp;ORLAN, Carnal art&nbsp;&#8221; (2001)&nbsp;;<\/p>\n<p align=\"JUSTIFY\">con los dise\u00f1adores Walter Van Beirendonck, Jeremy Scott, Maroussia Rebecq de Andrea Crews, Davidelfin y Agatha Ruiz de la Prada&nbsp;;&nbsp;con el dise\u00f1ador Walter Van Beirendonck y el fot\u00f3grafo Juergen Teller (Believe&nbsp;!, 1998)&nbsp;; etc&#8230;<\/p>\n","protected":false},"excerpt":{"rendered":"<p>ORLAN CURRICULUM VITAE COMPLETO &nbsp; ORLAN (CORTO) CURRICULUM VITAE&nbsp; &#8211; Version fran\u00e7aise ci-dessous &#8211; &#8220;SOY ORLAN, ENTRE OTRAS COSAS Y EN LA MEDIDA DE LO POSIBLE. MI NOMBRE SE ESCRIBE CADA LETRA EN MAY\u00daSCULAS PORQUE NO QUIERO QUE ME HAGAN ENCAJAR, NO QUIERO QUE ME HAGAN ENCAJAR EN LA FILA&#8221;. 1. PR\u00c1CTICAS ART\u00cdSTICAS ORLAN es [&hellip;]<\/p>\n","protected":false},"author":1,"featured_media":0,"parent":19789,"menu_order":5,"comment_status":"open","ping_status":"closed","template":"","meta":{"_eb_attr":"","_monsterinsights_skip_tracking":false,"_monsterinsights_sitenote_active":false,"_monsterinsights_sitenote_note":"","_monsterinsights_sitenote_category":0,"_s2mail":"","ngg_post_thumbnail":0,"footnotes":""},"class_list":["post-19798","page","type-page","status-publish","hentry"],"jetpack_sharing_enabled":true,"_links":{"self":[{"href":"https:\/\/www.orlan.eu\/es\/wp-json\/wp\/v2\/pages\/19798","targetHints":{"allow":["GET"]}}],"collection":[{"href":"https:\/\/www.orlan.eu\/es\/wp-json\/wp\/v2\/pages"}],"about":[{"href":"https:\/\/www.orlan.eu\/es\/wp-json\/wp\/v2\/types\/page"}],"author":[{"embeddable":true,"href":"https:\/\/www.orlan.eu\/es\/wp-json\/wp\/v2\/users\/1"}],"replies":[{"embeddable":true,"href":"https:\/\/www.orlan.eu\/es\/wp-json\/wp\/v2\/comments?post=19798"}],"version-history":[{"count":0,"href":"https:\/\/www.orlan.eu\/es\/wp-json\/wp\/v2\/pages\/19798\/revisions"}],"up":[{"embeddable":true,"href":"https:\/\/www.orlan.eu\/es\/wp-json\/wp\/v2\/pages\/19789"}],"wp:attachment":[{"href":"https:\/\/www.orlan.eu\/es\/wp-json\/wp\/v2\/media?parent=19798"}],"curies":[{"name":"wp","href":"https:\/\/api.w.org\/{rel}","templated":true}]}}